{"id":954,"date":"2011-05-05T17:16:46","date_gmt":"2011-05-05T14:16:46","guid":{"rendered":"http:\/\/wp1189977.wp214.webpack.hosteurope.de\/wp\/?page_id=954"},"modified":"2011-05-06T15:12:32","modified_gmt":"2011-05-06T12:12:32","slug":"was-bedeutet-agenda-21","status":"publish","type":"page","link":"http:\/\/wp1189977.server-he.de\/wp\/?page_id=954","title":{"rendered":"Was ist &#8218;Agenda 21&#8216; ?"},"content":{"rendered":"<p>Da eine selbstverfasste umfassende Beschreibung des Agenda-21-Begriffes bedeuten w\u00fcrde, das Rad zum x-ten mal zu erfinden, beschr\u00e4nke ich mich darauf, i. f. einige Zitate aus Wikipedia, sowie einige Links anzuf\u00fchren:<\/p>\n<p><span style=\"color: #000000;\">&#8222;Die Agenda 21 <\/span><span style=\"color: #000000;\"> ist ein entwicklungs- und umweltpolitisches Aktionsprogramm f\u00fcr das 21.\u00a0Jahrhundert, ein Leitpapier zur nachhaltigen Entwicklung<\/span><span style=\"text-decoration: underline;\"><span style=\"color: #000000;\"> <\/span><\/span><span style=\"color: #000000;\">, beschlossen von 172 Staaten auf derKonferenz f\u00fcr Umwelt und Entwicklung<\/span><span style=\"text-decoration: underline;\"> <\/span><span style=\"color: #000000;\"> der Vereinten Nationen<\/span><span style=\"color: #000000;\"> (UNCED) in <\/span><span style=\"color: #000000;\">Rio de Janeiro<\/span><span style=\"color: #000000;\"> (1992). An dieser Konferenz nahmen neben Regierungsvertretern auch viele <\/span><span style=\"color: #000000;\">nichtstaatliche Organisationen<\/span><span style=\"color: #000000;\"> teil. Nachhaltige Entwicklung \u2013 und damit die Agenda\u00a021 \u2013 ist vielerorts zur Leitlinie \u00f6ffentlichen Handelns geworden. Ihre kommunale Umsetzung ist die <\/span><span style=\"color: #000000;\">Lokale Agenda\u00a021<\/span><span style=\"color: #000000;\">.&#8220;<\/span><\/p>\n<p><span style=\"color: #000000;\"><em>[Quelle: Wikipedia]<\/em><br \/>\n<\/span><\/p>\n<p>&#8222;<span style=\"color: #000000;\">Eine Lokale Agenda\u00a021 ist ein Handlungsprogramm, das eine Kommune<\/span><span style=\"color: #000000;\"> in Richtung <\/span><span style=\"color: #000000;\">Nachhaltigkeit<\/span><span style=\"color: #000000;\"> entwickeln soll. Vorbild f\u00fcr dieses kommunale Handlungsprogramm ist ein 1992 von den damaligen Mitgliedern der <\/span><span style=\"color: #000000;\">UNO<\/span><span style=\"color: #000000;\"> verabschiedetes globales Programm, die <em>Agenda 21<\/em>. Dieses enth\u00e4lt Ma\u00dfnahmen in zahlreichen Politikfeldern, um die Lebens- und Wirtschaftsweise der menschlichen Spezies zukunftsf\u00e4hig zu gestalten (\u201edas 21.\u00a0Jahrhundert \u00fcberleben\u201c). Die Agenda\u00a021 spricht au\u00dfer den internationalen Institutionen und den Nationalregierungen alle politischen Ebenen an; in Kapitel\u00a028 dieses Dokuments werden alle Kommunen der Unterzeichnerl\u00e4nder aufgefordert, auch auf ihrer Ebene ein solches an Nachhaltigkeit orientiertes Handlungsprogramm zu erstellen. Dies soll in Zusammenarbeit mit B\u00fcrgerschaft, zivilgesellschaftlichen<\/span><span style=\"color: #000000;\"> Organisationen und der privaten Wirtschaft<\/span><span style=\"color: #000000;\"> geschehen. Ein verbreitetes Motto ist <\/span><em><span style=\"color: #000000;\">\u201eGlobal denken \u2013 lokal handeln!\u201c <\/span><br \/>\n<\/em><\/p>\n<blockquote><p>\u201eDa viele der in der Agenda\u00a021 angesprochenen Probleme und L\u00f6sungen auf Aktivit\u00e4ten auf der \u00f6rtlichen Ebene zur\u00fcckzuf\u00fchren sind, ist die Beteiligung und Mitwirkung der Kommunen ein entscheidender Faktor bei der Verwirklichung der in der Agenda enthaltenen Ziele. [\u2026]<br \/>\nBis 1996 soll sich die Mehrzahl der Kommunalverwaltungen der einzelnen L\u00e4nder gemeinsam mit ihren B\u00fcrgern einem Konsultationsprozess unterzogen und einen Konsens hinsichtlich einer \u201alokalen Agenda\u00a021\u2018 f\u00fcr die Gemeinschaft erzielt haben.\u201c<\/p>\n<p><cite>\u2013 Auszug aus dem Kapitel\u00a028 der Agenda\u00a021\u00a0 &#8222;<\/cite><\/p>\n<p>[Quelle: Wikipedia]<\/p><\/blockquote>\n<div id=\"toctitle\"><strong>Tiefergehende Informationen findet man z. B. hier:<\/strong><\/div>\n<div><strong>(F\u00fcr den Inhalt der Seiten sind allein deren Urheber verantwortlich)<br \/>\n<\/strong><\/div>\n<p><a href=\"http:\/\/de.wikipedia.org\/wiki\/Agenda_21\" target=\"_blank\">http:\/\/de.wikipedia.org\/wiki\/Agenda_21<\/a><\/p>\n<p><a href=\"http:\/\/de.wikipedia.org\/wiki\/Lokale_Agenda_21\" target=\"_blank\">http:\/\/de.wikipedia.org\/wiki\/Lokale_Agenda_21<\/a><\/p>\n<div><a href=\"http:\/\/www.agenda21-treffpunkt.de\/archiv\/ag21dok\/index.htm\" target=\"_blank\">http:\/\/www.agenda21-treffpunkt.de\/archiv\/ag21dok\/index.htm<\/a><\/div>\n","protected":false},"excerpt":{"rendered":"<p>Da eine selbstverfasste umfassende Beschreibung des Agenda-21-Begriffes bedeuten w\u00fcrde, das Rad zum x-ten mal zu erfinden, beschr\u00e4nke ich mich darauf, i. f. einige Zitate aus Wikipedia, sowie einige Links anzuf\u00fchren: &#8222;Die Agenda 21 ist ein entwicklungs- und umweltpolitisches Aktionsprogramm f\u00fcr &hellip; <a href=\"http:\/\/wp1189977.server-he.de\/wp\/?page_id=954\">Weiterlesen <span class=\"meta-nav\">&rarr;<\/span><\/a><\/p>\n","protected":false},"author":1,"featured_media":0,"parent":2,"menu_order":0,"comment_status":"closed","ping_status":"closed","template":"","meta":[],"_links":{"self":[{"href":"http:\/\/wp1189977.server-he.de\/wp\/index.php?rest_route=\/wp\/v2\/pages\/954"}],"collection":[{"href":"http:\/\/wp1189977.server-he.de\/wp\/index.php?rest_route=\/wp\/v2\/pages"}],"about":[{"href":"http:\/\/wp1189977.server-he.de\/wp\/index.php?rest_route=\/wp\/v2\/types\/page"}],"author":[{"embeddable":true,"href":"http:\/\/wp1189977.server-he.de\/wp\/index.php?rest_route=\/wp\/v2\/users\/1"}],"replies":[{"embeddable":true,"href":"http:\/\/wp1189977.server-he.de\/wp\/index.php?rest_route=%2Fwp%2Fv2%2Fcomments&post=954"}],"version-history":[{"count":7,"href":"http:\/\/wp1189977.server-he.de\/wp\/index.php?rest_route=\/wp\/v2\/pages\/954\/revisions"}],"predecessor-version":[{"id":956,"href":"http:\/\/wp1189977.server-he.de\/wp\/index.php?rest_route=\/wp\/v2\/pages\/954\/revisions\/956"}],"up":[{"embeddable":true,"href":"http:\/\/wp1189977.server-he.de\/wp\/index.php?rest_route=\/wp\/v2\/pages\/2"}],"wp:attachment":[{"href":"http:\/\/wp1189977.server-he.de\/wp\/index.php?rest_route=%2Fwp%2Fv2%2Fmedia&parent=954"}],"curies":[{"name":"wp","href":"https:\/\/api.w.org\/{rel}","templated":true}]}}