{"id":83,"date":"2010-04-14T17:05:16","date_gmt":"2010-04-14T14:05:16","guid":{"rendered":"http:\/\/wp1189977.wp214.webpack.hosteurope.de\/wp\/?page_id=83"},"modified":"2017-03-02T19:35:46","modified_gmt":"2017-03-02T16:35:46","slug":"soldaten-und-kriegerkameradschaft","status":"publish","type":"page","link":"http:\/\/wp1189977.server-he.de\/wp\/?page_id=83","title":{"rendered":"Soldaten- und B\u00fcrgerkameradschaft"},"content":{"rendered":"<p><strong>\u00a0Liebe Leser dieser Seiten,<\/strong><\/p>\n<p>Im Herbst 2016 hat sich die bisherige &#8222;Soldaten- und Kriegerkameradschaft Uengershausen e. V.&#8220; einen neuen Namen gegeben. Sie hei\u00dft nunmehr <strong>&#8222;Soldaten- und B\u00fcrgerkameradschaft Uengershausen e.v.&#8220;<\/strong>.<\/p>\n<p>Mit diesem Schritt wird der ge\u00e4nderten Situation im Mitgliederbereich Rechnung getragen, da im Jahr 2016 der letzte Uengersh\u00e4user Weltkriegsteilnehmer verstorben ist. Ebenso soll mit der Namensgebung dokumentiert werden, dass alle B\u00fcrgerinnen und B\u00fcrger Mitglied werden k\u00f6nnen, da das vorrangige Vereinsziel ja das Gedenken an alle Opfer von Kriegen und Gewalt ist.<\/p>\n<p>Unten ein (Werbe-) Text, der in K\u00fcrze \u00fcberarbeitet wird:<\/p>\n<p style=\"text-align: center;\">werden Sie Mitglied der Soldaten- und B\u00fcrgerkameradschaft Uengershausen. Wir bieten M\u00f6glichkeiten zu Schie\u00dfen, Milit\u00e4rpatrouillen, verteidigungspolitischen Informationen. Wir treten ein f\u00fcr Pflege der Kameradschaft,\u00a0 Ehrung der Gefallenen und vieles mehr. Damen und Ungediente sind ebenfalls willkommen und k\u00f6nnen ebenfalls Mitglied werden.<\/p>\n<p>&nbsp;<\/p>\n<p>Soldaten- und Krieger-Kameradschaft Uengershausen e. V.<\/p>\n<p><strong>Jahreshauptversammlung am 1. April\u00a0 2016, 20.00 Uhr<\/strong><\/p>\n<p>Gastwirtschaft der MZH Uengershausen<\/p>\n<p>Leitung der Versammlung: 1. Vorstand Horst H\u00fcgelsch\u00e4ffer<\/p>\n<p>Protokollf\u00fchrer: J\u00fcrgen Kranz<\/p>\n<p><strong>Tagesordnung (wie in der Einladung angegeben):<\/strong><\/p>\n<ol>\n<li>Begr\u00fc\u00dfung<\/li>\n<li>Kassenbericht<\/li>\n<li>Jahresbericht 2015<\/li>\n<li>Neuwahlen<\/li>\n<li>Satzungs\u00e4nderung<\/li>\n<li>Vorschau auf 2016<\/li>\n<li>Ehrungen<\/li>\n<li>W\u00fcnsche, Anregungen, Verschiedenes<\/li>\n<\/ol>\n<p>Beginn 20 Uhr 15<\/p>\n<p>1. Der Vorsitzende, Horst H\u00fcgelsch\u00e4ffer, stellt die rechtzeitige und satzungsgem\u00e4\u00dfe Einberufung der Versammlung fest. Die Tagesordnung wird ohne \u00c4nderung beschlossen. Die Beschlussf\u00e4higkeit der Versammlung ist nach $7, Abs.5 der geltenden Satzung gegeben. Der Vorsitzende begr\u00fc\u00dft die Anwesenden, insbes. Altb\u00fcrgermeister Karl H\u00fcgelsch\u00e4ffer.\u00a0 Anschlie\u00dfend Totengedenken f\u00fcr den verstorbenen Kameraden Hans Hirschlag (\u253c 13.2.2016).<\/p>\n<p>2. Der Kassenbericht wird von Stefan Landeck \u00a0vorgelegt und erl\u00e4utert:<\/p>\n<p>F\u00fcr das Lastschriftverfahren bei der Beitragserhebung musste eine Software beschafft werden. Sie kostet 1.-\u20ac\/Monat und wurde aus Ersparnisgr\u00fcnden erst Ende 2015 gekauft. Die Beitragsabbuchung erfolgt k\u00fcnftig Mitte April.<\/p>\n<p>Die Kasse wurde von Kurt Manske und Ernst Hofmann gepr\u00fcft. Ernst Hofmann lobt die hervorragende Kassenf\u00fchrung und beantragt die Entlastung des Kassiers. Diese wird <strong>einstimmig angenommen<\/strong>.<\/p>\n<p>3. Vorstand Horst H\u00fcgelsch\u00e4ffer verliest den Jahresbericht 2015.<\/p>\n<p>4. Neuwahlen<\/p>\n<p>Anwesende, stimmberechtigte Mitglieder: 18, ab 20 Uhr 25: 19<\/p>\n<p>Abstimmung ob Wahl per Handzeichen: <strong>Einstimmig angenommen<\/strong><\/p>\n<p>&nbsp;<\/p>\n<p>Wahlvorstand: \u00a0\u00a0\u00a0\u00a0\u00a0\u00a0\u00a0\u00a0\u00a0\u00a0\u00a0\u00a0\u00a0\u00a0\u00a0\u00a0\u00a0 Harald Zimmermann,<\/p>\n<p>Beisitzer:\u00a0\u00a0\u00a0\u00a0\u00a0\u00a0\u00a0\u00a0\u00a0\u00a0\u00a0\u00a0\u00a0\u00a0\u00a0\u00a0\u00a0\u00a0\u00a0\u00a0\u00a0\u00a0\u00a0\u00a0\u00a0\u00a0\u00a0\u00a0 Karl Schopf, Bernd Hemmrich<\/p>\n<p>Schriftf\u00fchrer:\u00a0\u00a0 \u00a0 \u00a0 \u00a0 \u00a0 \u00a0 \u00a0 \u00a0 \u00a0 \u00a0 J\u00fcrgen Kranz<\/p>\n<p>Ergebnis: <strong><\/strong><\/p>\n<p><strong>1.<\/strong><strong>Vorstand: Vorschlag: Horst H\u00fcgelsch\u00e4ffer.\u00a0 17 ja, 1 Enthaltung, 0 nein<\/strong><\/p>\n<p>Horst H\u00fcgelsch\u00e4ffer nimmt die Wahl an<\/p>\n<p><strong>2.\u00a0\u00a0\u00a0\u00a0\u00a0\u00a0 <\/strong><strong>Vorsitzender: Vorschlag: Stefan Lober. 17 ja, 1 Enthaltung, 0 nein<\/strong><\/p>\n<p>Stefan Lober nimmt die Wahl an<\/p>\n<p><strong>Kassier: Vorschlag: Stefan Landeck. 17 ja, 1 Enthaltung, 0 nein<\/strong><\/p>\n<p>Stefan Landeck nimmt die Wahl an<\/p>\n<p><strong>Schriftf\u00fchrer: Vorschlag: J\u00fcrgen Kranz. 17 ja, 1 Enthaltung, 0 nein<\/strong><\/p>\n<p>J\u00fcrgen Kranz nimmt die Wahl an<\/p>\n<p>Jetzt (20 Uhr 25) ein stimmberechtigtes Mitglied mehr, also insges. 19<\/p>\n<p><strong>Beisitzer: Vorschlag: Ernst Hofmann, Erhard H\u00fcttner, Erich Schwab<\/strong><\/p>\n<p><strong>16 ja, 3 Enthaltungen, 0 nein<\/strong><\/p>\n<p>Alle drei nehmen die Wahl an<\/p>\n<p><strong>Fahnentr\u00e4ger: Vorschlag: Peter Veeh und Karl-Heinz Zimmermann.<\/strong><\/p>\n<p><strong>\u00a017 ja, 2 Enthaltungen, 0 nein<\/strong><\/p>\n<p>Peter Veeh und Karl-Heinz Zimmermann nehmen die Wahl an<\/p>\n<p><strong>Vergn\u00fcgungswart: Vorschlag: Heinz Eck<\/strong><\/p>\n<p><strong>18 ja, 1 Enthaltung, 0 nein<\/strong><\/p>\n<p>Heinz Eck nimmt die Wahl an<\/p>\n<p>Der bisherige Vorstand wird entlastet.<\/p>\n<p>Vorstand Horst H\u00fcgelsch\u00e4ffer bedankt sich bei Harald Zimmermann und bedankt sich bei den \u00fcbrigen Vorstandsmitgliedern f\u00fcr die harmonische Zusammenarbeit in den vergangenen Jahren.<\/p>\n<p>5. Satzungs\u00e4nderung<\/p>\n<p>Vorstand Horst H\u00fcgelsch\u00e4ffer motiviert die vorgeschlagene Vereins-Namens\u00e4nderung. Im Namen ist der Begriff \u201eKrieger\u201c nicht mehr zeitgem\u00e4\u00df, zumal der letzte Weltkriegsteilnehmer vor kurzem verstorben ist.<\/p>\n<p>Der Vorstand verliest die Satzung.<\/p>\n<p>Zum Vorschlag f\u00fcr den k\u00fcnftigen Vereinsnamenwird gebracht: \u201eSoldaten- und B\u00fcrgerkameradschaft Uengershausen e. V.\u201c .<\/p>\n<p><strong>Abstimmung: 18 ja, 1 Enthaltung, 0 nein<\/strong><\/p>\n<p><strong>Somit ist der Vorschlag angenommen.<\/strong><\/p>\n<p>Satzungstext wird diskutiert. In $3, Abs. 1 (Mitgliedschaft) soll aufgenommen werden: \u201eJede nat\u00fcriche und juristische Person\u201c<\/p>\n<p><strong>Abstimmung: 18 ja, 1 Enthaltung, 0 nein<\/strong><\/p>\n<p><strong>Somit ist der Vorschlag angenommen.<\/strong><\/p>\n<p>6. Vorschau auf 2016:<\/p>\n<p>Derzeit nichts bekannt<\/p>\n<p>7. Ehrungen<\/p>\n<p>F\u00fcr 25 Jahre Mitgliedschaft werden geehrt:<\/p>\n<p>Bernd Hemmrich, Thomas Holzmann, Rainer Popp<\/p>\n<p>F\u00fcr 40 Jahre Mitgliedschaft werden geehrt:<\/p>\n<p>Karl Kohmann, Dr. Helmut R\u00f6sch<\/p>\n<p>8. W\u00fcnsche, Anregungen, Verschiedenes<\/p>\n<p>&#8211;\u00a0\u00a0\u00a0\u00a0\u00a0\u00a0\u00a0\u00a0\u00a0 Der M\u00e4nnergesangverein Uengershausen m\u00f6chte seine Fahne restaurieren und ben\u00f6tigt deshalb Zusch\u00fcsse. Horst H\u00fcgelsch\u00e4ffer schl\u00e4gt vor, den MGV zweckgebunden mit 200,- \u20ac zu unterst\u00fctzen.<\/p>\n<p><strong>Abstimmung: 19 ja, 0 Enthaltung, 0 nein<\/strong><\/p>\n<p>&#8211;\u00a0\u00a0\u00a0\u00a0\u00a0\u00a0\u00a0\u00a0\u00a0 Harald Zimmermann regt eine Terminkoordination an, damit keine Kollision mit den Veranstaltungen der Oldtimerfreunde entsteht.<\/p>\n<p>Der Vorstand dankt allen Anwesenden und Beschlie\u00df die Sitzung.<\/p>\n<p>Ende 21 Uhr 21<\/p>\n<p><!-- Ende des Inhaltsbereiches --> <!-- Anfang des Footers -->\u00a9 admin_skk \u2013 Powered by <a title=\"Powered by WordPress\" href=\"http:\/\/www.wordpress.org\/\">WordPress<\/a> \u2013<\/p>\n","protected":false},"excerpt":{"rendered":"<p>\u00a0Liebe Leser dieser Seiten, Im Herbst 2016 hat sich die bisherige &#8222;Soldaten- und Kriegerkameradschaft Uengershausen e. V.&#8220; einen neuen Namen gegeben. Sie hei\u00dft nunmehr &#8222;Soldaten- und B\u00fcrgerkameradschaft Uengershausen e.v.&#8220;. Mit diesem Schritt wird der ge\u00e4nderten Situation im Mitgliederbereich Rechnung getragen, &hellip; <a href=\"http:\/\/wp1189977.server-he.de\/wp\/?page_id=83\">Weiterlesen <span class=\"meta-nav\">&rarr;<\/span><\/a><\/p>\n","protected":false},"author":9,"featured_media":0,"parent":0,"menu_order":11,"comment_status":"closed","ping_status":"closed","template":"","meta":[],"_links":{"self":[{"href":"http:\/\/wp1189977.server-he.de\/wp\/index.php?rest_route=\/wp\/v2\/pages\/83"}],"collection":[{"href":"http:\/\/wp1189977.server-he.de\/wp\/index.php?rest_route=\/wp\/v2\/pages"}],"about":[{"href":"http:\/\/wp1189977.server-he.de\/wp\/index.php?rest_route=\/wp\/v2\/types\/page"}],"author":[{"embeddable":true,"href":"http:\/\/wp1189977.server-he.de\/wp\/index.php?rest_route=\/wp\/v2\/users\/9"}],"replies":[{"embeddable":true,"href":"http:\/\/wp1189977.server-he.de\/wp\/index.php?rest_route=%2Fwp%2Fv2%2Fcomments&post=83"}],"version-history":[{"count":54,"href":"http:\/\/wp1189977.server-he.de\/wp\/index.php?rest_route=\/wp\/v2\/pages\/83\/revisions"}],"predecessor-version":[{"id":266,"href":"http:\/\/wp1189977.server-he.de\/wp\/index.php?rest_route=\/wp\/v2\/pages\/83\/revisions\/266"}],"wp:attachment":[{"href":"http:\/\/wp1189977.server-he.de\/wp\/index.php?rest_route=%2Fwp%2Fv2%2Fmedia&parent=83"}],"curies":[{"name":"wp","href":"https:\/\/api.w.org\/{rel}","templated":true}]}}