{"id":251,"date":"2010-05-09T22:49:37","date_gmt":"2010-05-09T19:49:37","guid":{"rendered":"http:\/\/wp1189977.wp214.webpack.hosteurope.de\/wp\/?page_id=251"},"modified":"2026-02-28T16:06:10","modified_gmt":"2026-02-28T15:06:10","slug":"singgemeinschaft","status":"publish","type":"page","link":"http:\/\/wp1189977.server-he.de\/wp\/?page_id=251","title":{"rendered":"Singgemeinschaft 1987 Uengershausen"},"content":{"rendered":"<p style=\"text-align: center;\"><span style=\"font-family: Arial, sans-serif;\"><em><span style=\"color: #ff0000;\"><strong><img decoding=\"async\" loading=\"lazy\" class=\"aligncenter  wp-image-4731\" src=\"http:\/\/wp1189977.server-he.de\/wp\/wp-content\/uploads\/2024\/03\/Flyerwiz_1709619337549.png\" alt=\"\" width=\"347\" height=\"271\" \/><\/strong><\/span><\/em><\/span><span style=\"color: #ff0000;\"><strong>AKTUELLES:<\/strong><\/span><\/p>\n<p><span class=\"aligncenter size-full wp-image-4882\"> <img decoding=\"async\" loading=\"lazy\" class=\"aligncenter size-full wp-image-4996\" src=\"http:\/\/wp1189977.server-he.de\/wp\/wp-content\/uploads\/2025\/12\/Flyerwiz_1765629140655.jpg\" alt=\"\" width=\"1588\" height=\"2246\" srcset=\"http:\/\/wp1189977.server-he.de\/wp\/wp-content\/uploads\/2025\/12\/Flyerwiz_1765629140655.jpg 1588w, http:\/\/wp1189977.server-he.de\/wp\/wp-content\/uploads\/2025\/12\/Flyerwiz_1765629140655-212x300.jpg 212w, http:\/\/wp1189977.server-he.de\/wp\/wp-content\/uploads\/2025\/12\/Flyerwiz_1765629140655-724x1024.jpg 724w, http:\/\/wp1189977.server-he.de\/wp\/wp-content\/uploads\/2025\/12\/Flyerwiz_1765629140655-768x1086.jpg 768w, http:\/\/wp1189977.server-he.de\/wp\/wp-content\/uploads\/2025\/12\/Flyerwiz_1765629140655-1086x1536.jpg 1086w, http:\/\/wp1189977.server-he.de\/wp\/wp-content\/uploads\/2025\/12\/Flyerwiz_1765629140655-1448x2048.jpg 1448w\" sizes=\"(max-width: 1588px) 100vw, 1588px\" \/><\/span><\/p>\n<h2 style=\"text-align: center;\">****************************************************************************<\/h2>\n<p style=\"text-align: center;\"><span style=\"font-size: large; color: #ff0000;\"><span style=\"text-decoration: underline;\"><span style=\"color: #ff0000; text-decoration: underline;\"><strong>TERMINE\u00a0 2025\/26\u00a0 <\/strong>\u00a0 (vorl\u00e4ufig)<\/span><br \/>\n<\/span><\/span><\/p>\n<p lang=\"\"><span style=\"color: #993366;\"><span style=\"color: #000000;\">07.03.2026\u00a0 \u00a0 \u00a0 \u00a0 \u00a0 Uengersh\u00e4user Kneipengaudi (Wirtshaussingen) 19 Uhr<br \/>\n30.04.2026\u00a0 \u00a0 \u00a0 \u00a0 \u00a0 Maifeier an der MZH<br \/>\n26.06.2026\u00a0 \u00a0 \u00a0 \u00a0 \u00a0 Sonnwendfeuer am Sportgel\u00e4nde Ueng.\u00a0 19 Uhr<br \/>\n05.12.2026 (vorauss.)\u00a0 \u00a0 Adventskonzert Ev. Kirche Ueng.\u00a0 18 Uhr<br \/>\n<\/span><strong><br \/>\n<\/strong><\/span><\/p>\n<p lang=\"\"><span style=\"font-size: large; color: #ff0000;\"><span style=\"text-decoration: underline;\"><strong>\u00dcBER UNS<\/strong><\/span><\/span><\/p>\n<p lang=\"\"><span style=\"font-size: medium;\">Die Singgemeinschaft wurde im Jahr 1987 gegr\u00fcndet und war damals einer der ersten eigenst\u00e4ndigen Frauench\u00f6re im Fr\u00e4nkischen S\u00e4ngerbund.<br \/>\n<\/span><\/p>\n<p lang=\"\"><img decoding=\"async\" loading=\"lazy\" class=\"aligncenter  wp-image-4729\" src=\"http:\/\/wp1189977.server-he.de\/wp\/wp-content\/uploads\/2024\/03\/Photoroom-20240304_121746.png\" alt=\"\" width=\"414\" height=\"414\" srcset=\"http:\/\/wp1189977.server-he.de\/wp\/wp-content\/uploads\/2024\/03\/Photoroom-20240304_121746.png 2048w, http:\/\/wp1189977.server-he.de\/wp\/wp-content\/uploads\/2024\/03\/Photoroom-20240304_121746-300x300.png 300w, http:\/\/wp1189977.server-he.de\/wp\/wp-content\/uploads\/2024\/03\/Photoroom-20240304_121746-1024x1024.png 1024w, http:\/\/wp1189977.server-he.de\/wp\/wp-content\/uploads\/2024\/03\/Photoroom-20240304_121746-150x150.png 150w, http:\/\/wp1189977.server-he.de\/wp\/wp-content\/uploads\/2024\/03\/Photoroom-20240304_121746-768x768.png 768w, http:\/\/wp1189977.server-he.de\/wp\/wp-content\/uploads\/2024\/03\/Photoroom-20240304_121746-1536x1536.png 1536w\" sizes=\"(max-width: 414px) 100vw, 414px\" \/><\/p>\n<p lang=\"\"><span style=\"font-size: medium;\">Der Chor besteht derzeit (Stand M\u00e4rz 2026) aus <strong>20 aktiven S\u00e4ngerinnen<\/strong> in den Stimmlagen 1. Sopran, 2. Sopran und Alt sowie aus 52 passiven Mitgliedern und unserer gesch\u00e4tzten <strong>Chorleiterin Jolanta Lewandowski.<\/strong>\u00a0 \u00a0 \u00a0<\/span><\/p>\n<p lang=\"\"><span style=\"font-size: medium;\"><img decoding=\"async\" loading=\"lazy\" class=\"aligncenter  wp-image-4728\" src=\"http:\/\/wp1189977.server-he.de\/wp\/wp-content\/uploads\/2024\/03\/Photoroom-20240305_114123.jpg\" alt=\"\" width=\"484\" height=\"376\" \/> <\/span><span style=\"font-size: medium;\">Unser musikalisches Repertoire besteht aus \u00fcberwiegend deutschsprachigem Liedgut aller musikalischen Genres, wir schenken aber zunehmend modernen Liedern aus dem Pop-Bereich und St\u00fccken mit instrumentaler Begleitung unsere Aufmerksamkeit. So probten wir, nachdem es uns Corona wieder erlaubte, z. B. viele St\u00fccke der Popgruppe ABBA, mit denen wir am 11. Mai 2024 und am 06.07.20205 ein eigenes Konzert in Chorgemeinschaft mit dem Frauenchor Geroldshausen veranstalteten. <\/span><\/p>\n<h2><em><strong>\u00a0 \u00a0 \u00a0 <\/strong>\u00a0 \u00a0 \u00a0 \u00a0 \u00a0 \u00a0 \u00a0 \u00a0 \u00a0 \u00a0 \u00a0 \u00a0 \u00a0 <a href=\"http:\/\/wp1189977.server-he.de\/wp\/?p=4908\">\u00a0 \u00a0 -&gt; hier geht&#8217;s zur Fotoserie ABBA-Night<\/a><\/em><\/h2>\n<p lang=\"\"><strong>Die aktuelle Vorstandschaft<\/strong>\u00a0 setzt sich wie folgt zusammen:\u00a0 \u00a0 \u00a0 \u00a0 \u00a0\u00a0\u00a0\u00a0\u00a0\u00a0\u00a0\u00a0\u00a0\u00a0\u00a0\u00a0\u00a0\u00a0\u00a0\u00a0\u00a0\u00a0\u00a0\u00a0\u00a0\u00a0\u00a0\u00a0\u00a0\u00a0\u00a0\u00a0\u00a0\u00a0\u00a0\u00a0\u00a0\u00a0\u00a0\u00a0 \u00a0 <strong>1. Vorsitzende:<\/strong> Marion Landeck<br \/>\n<strong>2. Vorsitzende:<\/strong> Eva Schraml<br \/>\n<strong>Kassiererin:<\/strong> Bettina Sch\u00f6ffl<br \/>\n<strong>Schriftf\u00fchrerin:<\/strong> Simone Spatzier<br \/>\n<strong>Notenwartin:<\/strong> Margarethe Zimmermann\u00a0 <strong><br \/>\nKassenpr\u00fcferinnen:<\/strong> Birgit Zimmermann, Renate Soosar<\/p>\n<p><img decoding=\"async\" loading=\"lazy\" class=\"aligncenter size-full wp-image-5118\" src=\"http:\/\/wp1189977.server-he.de\/wp\/wp-content\/uploads\/2026\/02\/IMG-20260211-WA0007.jpg\" alt=\"\" width=\"1355\" height=\"873\" srcset=\"http:\/\/wp1189977.server-he.de\/wp\/wp-content\/uploads\/2026\/02\/IMG-20260211-WA0007.jpg 1355w, http:\/\/wp1189977.server-he.de\/wp\/wp-content\/uploads\/2026\/02\/IMG-20260211-WA0007-300x193.jpg 300w, http:\/\/wp1189977.server-he.de\/wp\/wp-content\/uploads\/2026\/02\/IMG-20260211-WA0007-1024x660.jpg 1024w, http:\/\/wp1189977.server-he.de\/wp\/wp-content\/uploads\/2026\/02\/IMG-20260211-WA0007-768x495.jpg 768w, http:\/\/wp1189977.server-he.de\/wp\/wp-content\/uploads\/2026\/02\/IMG-20260211-WA0007-466x300.jpg 466w\" sizes=\"(max-width: 1355px) 100vw, 1355px\" \/><em><strong>\u00a0 \u00a0 \u00a0 <\/strong>\u00a0 \u00a0 <\/em><em>\u00a0 \u00a0 \u00a0\u00a0\u00a0<\/em><\/p>\n<h2><span style=\"font-size: large;\">Im Laufe eines Jahres sind wir u. a. bei folgenden\u00a0\u00a0\u00a0\u00a0\u00a0\u00a0\u00a0\u00a0\u00a0\u00a0\u00a0\u00a0\u00a0\u00a0\u00a0\u00a0\u00a0\u00a0\u00a0\u00a0\u00a0\u00a0 <span style=\"color: #ab0941;\"><strong><span style=\"color: #ff0000;\">Veranstaltungen und Auftritten<\/span> <\/strong><\/span>vertreten:<\/span><\/h2>\n<h2><span style=\"font-size: medium;\">Wirtshaussingen (Kneipengaudi) <\/span><span style=\"font-size: medium;\"><br \/>\nMaibaumaufstellung\u00a0 \u00a0 \u00a0 \u00a0 \u00a0 \u00a0 \u00a0 \u00a0 \u00a0 \u00a0 \u00a0 \u00a0 \u00a0 \u00a0 \u00a0 \u00a0 \u00a0 \u00a0 \u00a0 \u00a0 \u00a0 \u00a0 \u00a0 \u00a0 \u00a0 \u00a0 \u00a0 \u00a0 \u00a0 \u00a0 \u00a0 \u00a0 \u00a0 \u00a0 \u00a0 \u00a0 \u00a0 \u00a0 \u00a0 \u00a0 \u00a0 \u00a0 \u00a0 \u00a0 \u00a0 \u00a0 \u00a0 \u00a0 \u00a0 \u00a0 \u00a0 Sonnwendfeuer mit Kindern aus Uengershausen und Umgebung\u00a0 \u00a0 \u00a0 \u00a0 \u00a0 \u00a0 \u00a0 \u00a0 \u00a0 \u00a0 \u00a0 \u00a0 \u00a0 \u00a0 Adventskonzert\u00a0 \u00a0 \u00a0 \u00a0 \u00a0 \u00a0 \u00a0 \u00a0 \u00a0 \u00a0 \u00a0 \u00a0 \u00a0 \u00a0 \u00a0 \u00a0 \u00a0 \u00a0 \u00a0 \u00a0 \u00a0 \u00a0 \u00a0 \u00a0 \u00a0 \u00a0 \u00a0 \u00a0 \u00a0 \u00a0 \u00a0 \u00a0 \u00a0 \u00a0 \u00a0 \u00a0 \u00a0 \u00a0 \u00a0 \u00a0 \u00a0 \u00a0 \u00a0 \u00a0 \u00a0 \u00a0 \u00a0 \u00a0 \u00a0 \u00a0 \u00a0 \u00a0 \u00a0 \u00a0 \u00a0 \u00a0 Seniorenweihnacht\u00a0 \u00a0 \u00a0 \u00a0 \u00a0 \u00a0 \u00a0 \u00a0 \u00a0 \u00a0 \u00a0 \u00a0 \u00a0 \u00a0 \u00a0 \u00a0 \u00a0 \u00a0 \u00a0 \u00a0 \u00a0 \u00a0 \u00a0 \u00a0 \u00a0 \u00a0 \u00a0 \u00a0 \u00a0 \u00a0 \u00a0 \u00a0 \u00a0 \u00a0 \u00a0 \u00a0 \u00a0 \u00a0 \u00a0 \u00a0 \u00a0 \u00a0 \u00a0 \u00a0 \u00a0 \u00a0 \u00a0 \u00a0 \u00a0 \u00a0 \u00a0 \u00a0 \u00a0 Veranstaltungen der Gemeinde wie Dorffest, Feste der \u00f6rtlichen Vereine<br \/>\nGottesdienste\u00a0 \u00a0 \u00a0 \u00a0 \u00a0 \u00a0 \u00a0 \u00a0 \u00a0 \u00a0 \u00a0 \u00a0 \u00a0 \u00a0 \u00a0 \u00a0 \u00a0 \u00a0 \u00a0 \u00a0 \u00a0 \u00a0 \u00a0 \u00a0 \u00a0 \u00a0 \u00a0 \u00a0 \u00a0 \u00a0 \u00a0 \u00a0 \u00a0 \u00a0 \u00a0 \u00a0 \u00a0 \u00a0 \u00a0 \u00a0 \u00a0 \u00a0 \u00a0 \u00a0 \u00a0 \u00a0 \u00a0 \u00a0 \u00a0 \u00a0 \u00a0 \u00a0 \u00a0 \u00a0 \u00a0 \u00a0 \u00a0 Auftritte bei befreundeten Ch\u00f6ren<\/span><\/h2>\n<p lang=\"\">Neben dem Singen legen wir auch <strong>gro\u00dfen Wert auf die Kameradschaftspflege und Geselligkeit.<\/strong><\/p>\n<p lang=\"\">Viele sch\u00f6ne gemeinsame Momente bei<br \/>\n<span style=\"color: #ff0000;\"><strong>Ausfl\u00fcgen und anderen Unternehmungen<\/strong><\/span><br \/>\nkonnten wir in unseren Vereinsjahren schon erleben<br \/>\n(s. Aufstellung unten, die teilweise mit Fotoserien verlinkt sind).<br \/>\nAu\u00dferdem endet jede unserer Chorproben mit einem abschlie\u00dfenden gem\u00fctlichen Beisammensein in der Wirtschaft der MZH.<\/p>\n<p lang=\"\"><strong>Weinbergswanderung mit der fr\u00e4nkischen Weink\u00f6nigin\u00a0\u00a0\u00a0\u00a0\u00a0\u00a0\u00a0\u00a0\u00a0\u00a0\u00a0\u00a0\u00a0\u00a0\u00a0\u00a0\u00a0\u00a0\u00a0\u00a0\u00a0\u00a0\u00a0\u00a0\u00a0\u00a0\u00a0\u00a0\u00a0\u00a0\u00a0\u00a0\u00a0\u00a0\u00a0\u00a0\u00a0\u00a0\u00a0\u00a0\u00a0\u00a0\u00a0\u00a0\u00a0\u00a0\u00a0\u00a0\u00a0\u00a0\u00a0\u00a0\u00a0 Landesgartenschau\u00a0 \u00a0 \u00a0 \u00a0 \u00a0 \u00a0 \u00a0 \u00a0 \u00a0 \u00a0 \u00a0 \u00a0 \u00a0 \u00a0 \u00a0 \u00a0 \u00a0 \u00a0 \u00a0 \u00a0 \u00a0 \u00a0 \u00a0 \u00a0 \u00a0 \u00a0 \u00a0 \u00a0 \u00a0 \u00a0 \u00a0 \u00a0 \u00a0 \u00a0 \u00a0 \u00a0 \u00a0 \u00a0 \u00a0 \u00a0 \u00a0 \u00a0 \u00a0 \u00a0 \u00a0 \u00a0 \u00a0 \u00a0 \u00a0 \u00a0 \u00a0 \u00a0 \u00a0 \u00a0 \u00a0 \u00a0 \u00a0 Besuch des fr\u00e4nkischen Freilandmuseums Bad Windsheim \u00a0 \u00a0 \u00a0 \u00a0 \u00a0 \u00a0 \u00a0 \u00a0 \u00a0 \u00a0 \u00a0 \u00a0 \u00a0 \u00a0 \u00a0 \u00a0 \u00a0 \u00a0 \u00a0 \u00a0 \u00a0 Besichtigung der MainPost\u00a0 \u00a0 \u00a0 \u00a0 \u00a0 \u00a0 \u00a0 \u00a0 \u00a0 \u00a0 \u00a0 \u00a0 \u00a0 \u00a0 \u00a0 \u00a0 \u00a0 \u00a0 \u00a0 \u00a0 \u00a0 \u00a0 \u00a0 \u00a0 \u00a0 \u00a0 \u00a0 \u00a0 \u00a0 \u00a0 \u00a0 \u00a0 \u00a0 \u00a0 \u00a0 \u00a0 \u00a0 \u00a0 \u00a0 \u00a0 \u00a0 \u00a0 \u00a0 \u00a0 \u00a0 \u00a0 \u00a0 \u00a0 \u00a0 \u00a0\u00a0 F\u00fchrung mit dem W\u00fcrzburger Nachtw\u00e4chter\u00a0 \u00a0 \u00a0 \u00a0 \u00a0 \u00a0 \u00a0 \u00a0 \u00a0 \u00a0 \u00a0 \u00a0 \u00a0 \u00a0 \u00a0 \u00a0 \u00a0 \u00a0 \u00a0 \u00a0 \u00a0 \u00a0 \u00a0 \u00a0 \u00a0 \u00a0 \u00a0 \u00a0 \u00a0 \u00a0 \u00a0 \u00a0 \u00a0 \u00a0 \u00a0 \u00a0\u00a0 Besuch des Meisterchors Dortmund \u00a0 \u00a0 \u00a0 \u00a0 \u00a0 \u00a0 \u00a0 \u00a0 \u00a0 \u00a0 \u00a0 \u00a0 \u00a0 \u00a0 \u00a0 \u00a0 \u00a0 \u00a0 \u00a0 \u00a0 \u00a0 \u00a0 \u00a0 \u00a0 \u00a0 \u00a0 \u00a0 \u00a0 \u00a0 \u00a0 \u00a0 \u00a0 \u00a0 \u00a0 \u00a0 \u00a0 \u00a0 \u00a0 \u00a0 \u00a0 \u00a0\u00a0 \u00a0 <a href=\"http:\/\/wp1189977.server-he.de\/wp\/?p=2769\">Ausflug nach <span style=\"text-decoration: underline;\">Bamberg<\/span> 2012\u00a0<\/a>\u00a0 \u00a0 \u00a0 \u00a0 \u00a0 \u00a0 \u00a0 \u00a0 \u00a0 \u00a0 \u00a0 \u00a0 \u00a0 \u00a0 \u00a0 \u00a0 \u00a0 \u00a0 \u00a0 \u00a0 \u00a0 \u00a0 \u00a0 \u00a0 \u00a0 \u00a0 \u00a0 \u00a0 \u00a0 \u00a0 \u00a0 \u00a0 \u00a0 \u00a0 \u00a0 \u00a0 \u00a0 \u00a0 \u00a0 \u00a0 \u00a0 \u00a0 \u00a0 \u00a0 \u00a0 \u00a0 \u00a0 \u00a0\u00a0\u00a0 Ausflug nach Regensburg + Kloster Weltenburg 2013 \u00a0 \u00a0 \u00a0 \u00a0 \u00a0 \u00a0 \u00a0 \u00a0 \u00a0 \u00a0 \u00a0 \u00a0 \u00a0 \u00a0 \u00a0 \u00a0 \u00a0 \u00a0 \u00a0 \u00a0 \u00a0 \u00a0 \u00a0 \u00a0 \u00a0 \u00a0 \u00a0\u00a0\u00a0 <a href=\" http:\/\/wp1189977.server-he.de\/wp\/?p=2788\">Fahrt mit dem Oldtimerbus 2014 \u00a0<\/a>\u00a0 \u00a0 \u00a0 \u00a0 \u00a0 \u00a0 \u00a0 \u00a0 \u00a0 \u00a0 \u00a0 \u00a0 \u00a0 \u00a0 \u00a0 \u00a0 \u00a0 \u00a0 \u00a0 \u00a0 \u00a0 \u00a0 \u00a0 \u00a0 \u00a0 \u00a0 \u00a0 \u00a0 \u00a0 \u00a0 \u00a0 \u00a0 \u00a0 \u00a0 \u00a0 \u00a0 \u00a0 \u00a0 \u00a0 \u00a0 \u00a0 \u00a0 \u00a0 \u00a0 \u00a0\u00a0 <a href=\"http:\/\/wp1189977.server-he.de\/wp\/?p=3941\">Busausflug \u00a0&#8222;Mainzer Sektkult(o)ur&#8220; 2017<\/a><\/strong><br \/>\n<a href=\"http:\/\/wp1189977.server-he.de\/wp\/?p=4764\"><strong>Flo\u00dffahrt auf dem Altmain 2019<\/strong><\/a><br \/>\n<a href=\"http:\/\/wp1189977.server-he.de\/wp\/?p=4777\"><strong>Besuch der Frankenfestspiele in R\u00f6ttingen 2022<\/strong><\/a><br \/>\n<a href=\"http:\/\/wp1189977.server-he.de\/wp\/?p=4783\"><strong>Wengertpicknick 2023 <\/strong><\/a>mit der ehem. R\u00f6ttinger Weinprinzessin Michelle Fries<br \/>\n<a href=\"https:\/\/wp1189977.server-he.de\/wp\/?p=4999\"><strong>Ausflug 2025 nach Veitsh\u00f6chheim mit Fastnachtstour<\/strong><\/a><\/p>\n<p lang=\"\">\n<h2><span style=\"font-family: Calibri,sans-serif; color: #33cccc;\"><span style=\"font-size: large;\"><span style=\"font-family: Times New Roman,serif;\"><span style=\"text-decoration: underline;\"><span style=\"color: #ff0000; text-decoration: underline;\"><strong>BERICHTE\u00a0 \/ FOTOS \u00a0 <\/strong><em>(Zeile ausw\u00e4hlen und Link \u00f6ffnen)<\/em><\/span><strong><br \/>\n<\/strong><\/span><\/span><\/span><\/span><\/h2>\n<p><a href=\"http:\/\/wp1189977.server-he.de\/wp\/?p=775\">Wirtshaussingen 2014<\/a>\u00a0\u00a0\u00a0\u00a0\u00a0\u00a0\u00a0\u00a0\u00a0\u00a0\u00a0\u00a0\u00a0\u00a0\u00a0\u00a0\u00a0\u00a0\u00a0\u00a0\u00a0\u00a0\u00a0\u00a0\u00a0\u00a0\u00a0\u00a0\u00a0\u00a0\u00a0\u00a0\u00a0\u00a0\u00a0\u00a0\u00a0\u00a0\u00a0\u00a0\u00a0\u00a0\u00a0\u00a0\u00a0\u00a0\u00a0\u00a0\u00a0\u00a0\u00a0\u00a0\u00a0\u00a0\u00a0\u00a0\u00a0\u00a0\u00a0\u00a0\u00a0\u00a0\u00a0\u00a0\u00a0\u00a0\u00a0\u00a0\u00a0\u00a0\u00a0\u00a0\u00a0\u00a0\u00a0\u00a0\u00a0\u00a0\u00a0\u00a0\u00a0\u00a0\u00a0\u00a0\u00a0\u00a0\u00a0\u00a0\u00a0\u00a0\u00a0\u00a0\u00a0\u00a0\u00a0\u00a0\u00a0\u00a0\u00a0\u00a0\u00a0\u00a0\u00a0\u00a0\u00a0\u00a0\u00a0\u00a0\u00a0\u00a0\u00a0 <a href=\" http:\/\/wp1189977.server-he.de\/wp\/?p=2838\">Adventskonzert 2014<\/a>\u00a0 \u00a0 \u00a0 \u00a0 \u00a0 \u00a0 \u00a0 \u00a0 \u00a0 \u00a0 \u00a0 \u00a0 \u00a0 \u00a0 \u00a0 \u00a0 \u00a0 \u00a0 \u00a0 \u00a0 \u00a0 \u00a0 \u00a0 \u00a0 \u00a0 \u00a0 \u00a0 \u00a0 \u00a0 \u00a0 \u00a0 \u00a0 \u00a0 \u00a0 \u00a0 \u00a0 \u00a0 \u00a0 \u00a0 \u00a0 \u00a0 \u00a0 \u00a0 \u00a0 \u00a0 \u00a0 \u00a0 \u00a0 \u00a0 \u00a0 \u00a0 \u00a0 \u00a0 \u00a0 \u00a0 \u00a0 \u00a0 <a href=\"http:\/\/wp1189977.server-he.de\/wp\/?p=2858\">Abschiede und Neuanf\u00e4nge <\/a>\u00a0 \u00a0 \u00a0 \u00a0 \u00a0 \u00a0 \u00a0 \u00a0 \u00a0 \u00a0 \u00a0 \u00a0 \u00a0 \u00a0 \u00a0 \u00a0 \u00a0 \u00a0 \u00a0 \u00a0 \u00a0 \u00a0 \u00a0 \u00a0 \u00a0 \u00a0 \u00a0 \u00a0 \u00a0 \u00a0 \u00a0 \u00a0 \u00a0 \u00a0 \u00a0 \u00a0 \u00a0 \u00a0 \u00a0 \u00a0 \u00a0 \u00a0 \u00a0 \u00a0 \u00a0 \u00a0 \u00a0 \u00a0 \u00a0 \u00a0 \u00a0 <a href=\"http:\/\/wp1189977.server-he.de\/wp\/?p=2885\">Wirtshaussingen 2015\u00a0<\/a>\u00a0 \u00a0 \u00a0 \u00a0 \u00a0 \u00a0 \u00a0 \u00a0 \u00a0 \u00a0 \u00a0 \u00a0 \u00a0 \u00a0 \u00a0 \u00a0 \u00a0 \u00a0 \u00a0 \u00a0 \u00a0 \u00a0 \u00a0 \u00a0 \u00a0 \u00a0 \u00a0 \u00a0 \u00a0 \u00a0 \u00a0 \u00a0 \u00a0 \u00a0 \u00a0 \u00a0 \u00a0 \u00a0 \u00a0 \u00a0 \u00a0 \u00a0 \u00a0 \u00a0 \u00a0 \u00a0 \u00a0 \u00a0 \u00a0 \u00a0 \u00a0 \u00a0 \u00a0 \u00a0\u00a0\u00a0\u00a0 <a href=\"http:\/\/wp1189977.server-he.de\/wp\/?p=2894\">10 Jahre Wirtshaussingen 2016<br \/>\n<\/a><a href=\" http:\/\/wp1189977.server-he.de\/wp\/?p=3075\"><span style=\"text-decoration: underline;\">Adventskonzert 2016<\/span><\/a>\u00a0 \u00a0 \u00a0 \u00a0 \u00a0 \u00a0 \u00a0 \u00a0 \u00a0 \u00a0 \u00a0 \u00a0 \u00a0 \u00a0 \u00a0 \u00a0 \u00a0 \u00a0 \u00a0 \u00a0 \u00a0 \u00a0 \u00a0 \u00a0 \u00a0 \u00a0 \u00a0 \u00a0 \u00a0 \u00a0 \u00a0 \u00a0 \u00a0 \u00a0 \u00a0 \u00a0 \u00a0 \u00a0 \u00a0 \u00a0 \u00a0 \u00a0 \u00a0 \u00a0 \u00a0 \u00a0 \u00a0 \u00a0 \u00a0 \u00a0 \u00a0 \u00a0 \u00a0 \u00a0 \u00a0 \u00a0 <a href=\" http:\/\/wp1189977.server-he.de\/wp\/?p=3106\">Wirtshaussingen 2017<\/a><a href=\" http:\/\/wp1189977.server-he.de\/wp\/?p=3075\"><span style=\"text-decoration: underline;\"><br \/>\n<\/span><\/a><a href=\"http:\/\/wp1189977.server-he.de\/wp\/?p=3579\">30 Jahre Singgemeinschaft -Konzert und Ehrungen Oktober 2017<\/a><br \/>\n<a href=\"http:\/\/wp1189977.server-he.de\/wp\/?p=3953\">Wirtshaussingen 2018<\/a><br \/>\n<a href=\"http:\/\/wp1189977.server-he.de\/wp\/?p=3934\">Adventskonzert 2018<\/a><br \/>\n<a href=\"http:\/\/wp1189977.server-he.de\/wp\/?p=3970\">Wirtshaussingen 2019<\/a><br \/>\n<a href=\"http:\/\/wp1189977.server-he.de\/wp\/?p=4393\">Adventskonzert 2022<\/a><br \/>\n<a href=\"http:\/\/wp1189977.server-he.de\/wp\/?p=4753\">Chorfotos 2024<\/a><br \/>\n<a href=\"http:\/\/wp1189977.server-he.de\/wp\/?p=4891\">Vorbericht ABBA-Night<\/a><br \/>\n<a href=\"http:\/\/wp1189977.server-he.de\/wp\/?p=4908\">Fotoserie ABBA-Night Mai 2024<\/a><br \/>\n<a href=\"http:\/\/wp1189977.server-he.de\/wp\/?p=4979\">Wirtshaussingen 2025<\/a><br \/>\n<a href=\"https:\/\/wp1189977.server-he.de\/wp\/?p=5074\">Fotos ABBA-Night Karibuni Reichenberg Juli 2025<\/a><br \/>\n<a href=\"https:\/\/wp1189977.server-he.de\/wp\/?p=5047\">Fotos Adventsfenster 07.12.2025<\/a><\/p>\n<p><span style=\"text-decoration: underline; color: #ab0941;\"><strong><span style=\"color: #ff0000; text-decoration: underline;\">KONTAKT:<\/span><br \/>\n<\/strong><\/span> <strong>Vorsitzende Marion Landeck\u00a0\u00a0\u00a0 (Tel. 0160 \/ 4870851)\u00a0 \u00a0 \u00a0<\/strong> \u00a0 \u00a0 \u00a0 \u00a0 \u00a0 \u00a0 \u00a0 \u00a0 \u00a0 \u00a0 \u00a0 \u00a0 \u00a0 \u00a0 \u00a0 \u00a0 \u00a0 \u00a0 \u00a0 \u00a0 \u00a0 \u00a0 \u00a0 \u00a0 \u00a0 \u00a0 \u00a0 \u00a0 \u00a0 \u00a0 \u00a0 \u00a0 oder per E-Mail: <em><strong>sg-ueng1987@web.de<\/strong><\/em><\/p>\n<h3><\/h3>\n","protected":false},"excerpt":{"rendered":"<p>AKTUELLES: **************************************************************************** TERMINE\u00a0 2025\/26\u00a0 \u00a0 (vorl\u00e4ufig) 07.03.2026\u00a0 \u00a0 \u00a0 \u00a0 \u00a0 Uengersh\u00e4user Kneipengaudi (Wirtshaussingen) 19 Uhr 30.04.2026\u00a0 \u00a0 \u00a0 \u00a0 \u00a0 Maifeier an der MZH 26.06.2026\u00a0 \u00a0 \u00a0 \u00a0 \u00a0 Sonnwendfeuer am Sportgel\u00e4nde Ueng.\u00a0 19 Uhr 05.12.2026 (vorauss.)\u00a0 \u00a0 Adventskonzert &hellip; <a href=\"http:\/\/wp1189977.server-he.de\/wp\/?page_id=251\">Weiterlesen <span class=\"meta-nav\">&rarr;<\/span><\/a><\/p>\n","protected":false},"author":12,"featured_media":0,"parent":0,"menu_order":10,"comment_status":"closed","ping_status":"closed","template":"","meta":[],"_links":{"self":[{"href":"http:\/\/wp1189977.server-he.de\/wp\/index.php?rest_route=\/wp\/v2\/pages\/251"}],"collection":[{"href":"http:\/\/wp1189977.server-he.de\/wp\/index.php?rest_route=\/wp\/v2\/pages"}],"about":[{"href":"http:\/\/wp1189977.server-he.de\/wp\/index.php?rest_route=\/wp\/v2\/types\/page"}],"author":[{"embeddable":true,"href":"http:\/\/wp1189977.server-he.de\/wp\/index.php?rest_route=\/wp\/v2\/users\/12"}],"replies":[{"embeddable":true,"href":"http:\/\/wp1189977.server-he.de\/wp\/index.php?rest_route=%2Fwp%2Fv2%2Fcomments&post=251"}],"version-history":[{"count":324,"href":"http:\/\/wp1189977.server-he.de\/wp\/index.php?rest_route=\/wp\/v2\/pages\/251\/revisions"}],"predecessor-version":[{"id":5119,"href":"http:\/\/wp1189977.server-he.de\/wp\/index.php?rest_route=\/wp\/v2\/pages\/251\/revisions\/5119"}],"wp:attachment":[{"href":"http:\/\/wp1189977.server-he.de\/wp\/index.php?rest_route=%2Fwp%2Fv2%2Fmedia&parent=251"}],"curies":[{"name":"wp","href":"https:\/\/api.w.org\/{rel}","templated":true}]}}