{"id":1407,"date":"2013-08-13T11:07:01","date_gmt":"2013-08-13T08:07:01","guid":{"rendered":"http:\/\/wp1189977.server-he.de\/wp\/?page_id=1407"},"modified":"2018-10-31T11:45:42","modified_gmt":"2018-10-31T08:45:42","slug":"dorfladengeschichte","status":"publish","type":"page","link":"http:\/\/wp1189977.server-he.de\/wp\/?page_id=1407","title":{"rendered":"Dorfladengeschichte"},"content":{"rendered":"<p>Hier wird anhand von verschiedenen Dokumenten, z. B. Artikel im Mitteilungsblatt das Entstehen des geplanten Dorfladens aufgezeigt.<\/p>\n<h2>20. und 21. Juli 2018: 5 Jahre Dorfladen Uengershausen<\/h2>\n<p>Der Dorfladen feierte sein 5-j\u00e4hriges Bestehen sowie die offizielle Inbetriebnahme der neuen Nebengeb\u00e4ude mit einem 2-t\u00e4gigen Fest. Am Freitag gab es einen Festakt mit Gru\u00dfadressen des B\u00fcrgermeisters, das Amts f\u00fcr l\u00e4ndliche Entwicklung, des stellvertretenden Landrats, des Architekten und des MdL Halbleib.<\/p>\n<p>Am Samstag dann gro\u00dfes Wei\u00dfwurst- und Hamburger-Essen, Kaffee und Kuchen mit Tombola. Viel Arbeit f\u00fcr die Ehrenamtlichen, aber alles zum Besten gelungen. Vielen Dank daf\u00fcr. <a href=\"http:\/\/wp1189977.server-he.de\/wp\/?page_id=69&amp;file=5_Jahre_Dorfladen\/\">Bilder k\u00f6nnen Sie hier sehen (bitte klicken)<\/a>.<\/p>\n<p><a href=\"https:\/\/www.mainpost.de\/regional\/wuerzburg\/Alle-fuer-einen-und-ein-Treffpunkt-fuer-Alle;art736,10020066\" target=\"_blank\" rel=\"noopener\">Mainpost-Artikel vom 31.072018 hierzu<\/a><\/p>\n<p><strong>R\u00fcckblick auf 2013\u00a0 im Mitteilungsblatt Januar 2014<\/strong><\/p>\n<p>&#8230; Nat\u00fcrlich waren die Planungsarbeiten am Dorfladen schon 2012 ein Thema, das sich durch alle Sitzungen zog. Nun sollte aber alles, was wir bis dahin nur auf dem Papier hatten, in die Tat umgesetzt werden.\u00a0 &#8230;<\/p>\n<p>Bereits im April (2013) begannen die ersten Arbeiten f\u00fcr den Dorfladen im ehemaligen Bankgeb\u00e4ude neben der Uengersh\u00e4user Kirche. Entfernung von Zwischenwand und abgeh\u00e4ngter Decke, ausr\u00e4umen und saubermachen und immer wieder Baustelle kehren waren angesagt. Gleichzeitig erfolgten auch die organisatorischen Dinge\u00a0 im Hintergrund, ohne die nichts l\u00e4uft: Gespr\u00e4che mit Anbietern, Beschaffung der Ausstattung, Organisation der Brotzeiten, Hygieneunterweisung und vieles mehr.<\/p>\n<p>Wir haben \u00fcber die Arbeiten in mehreren Artikeln berichtet, so dass ich nicht noch ausf\u00fchrlicher werden will. Eines ist aber nochmals ganz wichtig zu erw\u00e4hnen, das ist der riesige ehrenamtliche Einsatz aller Beteiligten. Dies gilt sowohl f\u00fcr die Bauphase wie auch f\u00fcr die Zeit seit der Inbetriebnahme. Herzlichen Dank an alle M\u00e4nner und Frauen, die sich f\u00fcr ein St\u00fcck Lebensqualit\u00e4t im Dorf so einsetzen!<\/p>\n<p>Und es sei auch nochmals hinzugef\u00fcgt, dass freiwillige, ehrenamtliche Helferinnen und Helfer auch k\u00fcnftig gebraucht werden und dass die derzeitige Riege keine geschlossene Gesellschaft ist. Jede Mitarbeit ist willkommen.<\/p>\n<p>Die Er\u00f6ffnung des Ladens am 19. Juli war der H\u00f6hepunkt einer 2-j\u00e4rigen Arbeit und wurde entsprechend mit einem Festakt f\u00fcr die Beteiligten am Vorabend begangen. B\u00fcrgermeister Karl H\u00fcgelsch\u00e4ffer und Sigrid Kranz durchschnitten gemeinsam das Band, das bislang noch die Ladent\u00fcr versperrt hatte.<\/p>\n<p>Am 5. Oktober veranstalteten wir ein Erntedankfest zugunsten des Ladens mit Kartoffelsuppe und Flammkuchen. Zwar machte das Wetter uns auch diesmal mit Dauer(stark)regen einen Strich durch die Rechnung, andererseits war es erstaunlich, wie viele der offenbar abgeh\u00e4rteten Uengersh\u00e4user im Zelt ausharrten und das gute Essen und Trinken genossen.<\/p>\n<p>&nbsp;<\/p>\n<p><strong>Mitteilungsblatt M\u00e4rz 2013:<\/strong><\/p>\n<p>Liebe Mitb\u00fcrger,<\/p>\n<p>Die Dorfladen Uengershausen UG (haftungsbeschr\u00e4nkt) ist gegr\u00fcndet.<br \/>\nDie drei Gesellschafter und der Gesch\u00e4ftsf\u00fchrer waren beim Notar und haben mit dem\u00a0 juristischen Schritt der Unternehmesgr\u00fcndung den weiteren Weg zum Laden frei gemacht.<br \/>\nAm Sonntag, dem\u00a0 3. M\u00e4rz fand dann die Gr\u00fcndungsversammlung in der Gastst\u00e4tte der Mehrzweckhalle Uengershausen statt. Dazu waren alle eingeladen, die bereits Anteile gezeichnet hatten. Aber auch alle anderen Interessierten waren herzlich willkommen. Die \u00fcberw\u00e4ltigende Besucherzahl spiegelte das gro\u00dfe Interesse der B\u00fcrger an diesem Projekt wider.<br \/>\nSigrid Kranz begr\u00fc\u00dfte B\u00fcrgermeister H\u00fcgelsch\u00e4ffer, 2. B\u00fcrgermeisterin Tewes und die G\u00e4ste und erstattete Bericht \u00fcber den derzeitigen Stand der Dinge. Sie betonte auch nochmals Sinn und Zweck des Projektes, n\u00e4mlich die Nahversorgung der B\u00fcrger, die M\u00f6glichkeit zur Kommunikation, gerade auch f\u00fcr die \u00e4ltere Generation und die Vermarktung regionaler Produkte. Sie sagte, dass dieser Laden sich zu einem \u201eDorfschatz\u201c entwickeln kann, zum Wohle der gesamten Dorfgemeinschaft.<br \/>\nAnschlie\u00dfend ergriff der Gesch\u00e4ftsf\u00fchrer Siegbert Leicht das Wort und begr\u00fc\u00dfte ausdr\u00fccklich auch die Besucher, die nicht oder noch nicht Anteile gezeichnet haben. Er berichtete \u00fcber den aktuellen finanziellen Stand und leitete dann die Diskussion \u00fcber m\u00f6gliche Lieferanten und \u00d6ffnungszeiten, an der die Besucher rege und sehr engagiert teilnahmen.<br \/>\nDanach erl\u00e4uterte Michael Kestler erste Planskizzen zum Ladenausbau, der in K\u00fcrze beginnen soll. Dazu werden freiwillige Helfer ben\u00f6tigt, was Horst Kohmann ausdr\u00fccklich betonte und alle herzlich einlud.<\/p>\n<p>F\u00fcr die Beteiligten geht die Arbeit jetzt erst richtig los, aber alle freuen sich auf die Er\u00f6ffnung, die f\u00fcr Juni geplant ist.<br \/>\nBitte unterst\u00fctzen Sie das Projekt, nicht zuletzt auch durch eine optimistische Sichtweise, am besten aber durch Ihren Einkauf im eigenen Laden. Hierf\u00fcr schon jetzt herzlichen Dank.<\/p>\n<p>Mit besten Gr\u00fc\u00dfen<br \/>\nJ\u00fcrgen Kranz<\/p>\n<p><strong>Mitteilungsblatt Februar 2013:<\/strong><\/p>\n<p>Liebe Mitb\u00fcrgerinnen und Mitb\u00fcrger,<\/p>\n<p>das Projekt Dorfladen Uengershausen nimmt konkrete Gestalt an. Wir sind begeistert \u00fcber die gro\u00dfartige Resonanz.\u00a0 In den vergangenen Wochen haben viele Mitb\u00fcrgerinnen und Mitb\u00fcrger Anteile am zuk\u00fcnftigen Dorfladen Uengershausen gezeichnet, \u00fcbrigens auch aus anderen Ortsteilen, so dass wir nunmehr das Projekt starten k\u00f6nnen. In den n\u00e4chsten Tagen werden die 3 Gesellschafter und der zuk\u00fcnftige Gesch\u00e4ftsf\u00fchrer beim Notar die Dorfladen Uengershausen UG (haftungsbeschr\u00e4nkt) gr\u00fcnden. Sobald die Gesellschaft im Handelsregister eingetragen ist, werden wir alle stillen Gesellschafter rechtzeitig zu einer Gr\u00fcndungsveranstaltung einladen. Bis dahin besteht weiterhin die M\u00f6glichkeit Anteile zu zeichnen. Vertr\u00e4ge hierzu erhalten Sie bei Herrn Leicht, Tel. 09366\/1485 oder bei Frau Kranz, Tel. 09366\/99306.<br \/>\nMit der Renovierung des Geb\u00e4udes wird dann so schnell wie m\u00f6glich begonnen. Erste Vorarbeiten laufen bereits. Wir werden dann viele flei\u00dfige Helfer f\u00fcr den Umbau ben\u00f6tigen, um den Laden dann auch m\u00f6glichst schnell er\u00f6ffnen zu k\u00f6nnen.<br \/>\nMelden Sie sich hierf\u00fcr bitte bei Horst Kohmann (09366\/1728) oder Siegbert Leicht (09366\/1485).<\/p>\n<p>Die n\u00e4chste Agenda21-Sitzung findet voraussichtlich am 15. Februar um 19.30 Uhr im Nebenraum der MZH statt.<\/p>\n<p>Bilder vom letzten gro\u00dfen Ereignis in Uengershausen, der Russensitzung, finden Sie wieder unter www.uengershausen.de. Einfach reinklicken.<\/p>\n<p><strong>Mitteilungsblatt November 2012:<\/strong><\/p>\n<p>Liebe Mitb\u00fcrgerinnen und Mitb\u00fcrger,<br \/>\nAm Freitag dem 14. September fand, leider etwas kurzfristig angek\u00fcndigt, unser \u201eDorfgespr\u00e4ch\u201c\u00a0 statt.\u00a0 Die geb\u00fcrtige Uengersh\u00e4userin Erika Stavrakakis, geb. R\u00f6sch, sprach \u00fcber das Thema \u201e30 Jahre Leben und Erfahrungen in Griechenland\u201c. Die Zuh\u00f6rer gewannen spannende Einblicke in das Leben in dem s\u00fcdeurop\u00e4ischen Land, das zurzeit ziemlich gebeutelt wird. Die anschauliche Schilderung f\u00fchrte einem nicht nur das vor Augen, was in den Zeitungen zu lesen ist, sondern vermittelte auch ein wenig die Sichtweise der griechischen Menschen. Im Laufe des Abends entwickelte sich eine sehr rege Diskussion, die zwar zu keinem endg\u00fcltigen Ergebnis kam, aber die Frage in den Raum stellte, ob beide Seiten, Nord- und S\u00fcdeuropa, \u00fcberhaupt dieselben Sprachen sprechen.<br \/>\nAm Feitag dem 28. September waren wieder die 4-Kl\u00e4ssler der Reichenberger Grundschule zu einem Apfeltag in Uengershausen zu Gast. Begleitet von ihren beiden Lehrerinnen waren sie in einem einst\u00fcndigen Marsch \u00fcber Berg und Tal ins Dorf gekommen. Sigrid Kranz nahm sie in Empfang und zeigte ihnen wie man die \u00c4pfel in den Streuobstwiesen ernten kann. Die Kinder durften einige K\u00f6rbe voll zusammenlesen und gemeinsam brachten wir die Beute in den Hof von Helmut R\u00f6sch. Dort zeigte ich ihnen wie man aus den \u00c4pfeln Saft machen kann und jedes Kind bekam auch seinen Anteil der Aktion in eine mitgebrachte Flasche gef\u00fcllt. Ob zu Hause dann noch etwas drin war, wei\u00df man allerdings nicht. Dazu gab es selbstgemachten Apfelkuchen. So gest\u00e4rkt verlie\u00dfen uns die Sch\u00fclerinnen und Sch\u00fcler und wissen jetzt alle, was ein Refraktometer ist.<br \/>\nAm 12. Oktober fand die angek\u00fcndigte\u00a0 B\u00fcrgerinformation zur Gr\u00fcndung eines Dorfladens statt.\u00a0 Die Uengersh\u00e4user wurden dar\u00fcber informiert, dass eine sog. UG (haftungsbeschr\u00e4nkt) gegr\u00fcndet werden soll. Diese besteht aus drei Gesellschaftern und einem Gesch\u00e4ftsf\u00fchrer. Weiterhin soll es sog. stille Gesellschafter geben, das sind eben die B\u00fcrger, die f\u00fcr den Betrieb des Ladens Geld einlegen. Hierf\u00fcr wurde ein Gesellschaftervertrag entwickelt, der Rechte und Pflichten aller Teilhaber genau regelt, das ist praktisch der rechtsg\u00fcltige Vertrag f\u00fcr jeden, der Geld einlegen m\u00f6chte. Sobald wir die endg\u00fcltige Fassung, die von unserem ehrenamtlichen Rechtsberater Bernd Rosengarth erarbeitet wurde, in H\u00e4nden haben, wird diese den B\u00fcrgern des Marktes Reichenberg zugesandt.<br \/>\nEs geht nun nat\u00fcrlich darum, m\u00f6glichst viele B\u00fcrger mit ins Boot zu holen, damit der Dorfladen zum Laufen kommen kann. Wenn nicht gen\u00fcgend Geld zusammenkommt, dann gibt es auch keinen Laden. Nat\u00fcrlich sind hierbei Einleger aus allen Ortsteilen willkommen, nicht nur Uengersh\u00e4user.<br \/>\nUnser Ziel einer attraktiven Nahversorgung zur Erhaltung bzw. Verbesserung der Lebensqualit\u00e4t im Dorf r\u00fcckt somit n\u00e4her und wir hoffen auf eine rege und gro\u00dfz\u00fcgige Teilnahme.<br \/>\nUnabh\u00e4ngig vom geplanten Dorfladen r\u00fcckt auch Weihnachten immer n\u00e4her und damit auch die Vorbereitungen f\u00fcr die Teilnahme der Uengersh\u00e4user am Reichenberger Weihnachtsmarkt. Hierf\u00fcr brauchen wir wieder Mitb\u00fcrger, die etwas Weihnachtliches anbieten wollen und auch solche, die beim Schm\u00fccken der H\u00fctte und beim Verkauf mithelfen. Wer sich hier beteiligen\u00a0 m\u00f6chte, meldet sich bitte bei Elke H\u00fcgelsch\u00e4ffer, Tel. 09366 6268.<br \/>\nZum Schluss m\u00f6chte ich wieder an die Informationsm\u00f6glichkeit im Internet erinnern, wo Sie viele Texte und Bilder aus dem Dorfleben finden, einfach suchen unter www.uengershausen.de .<\/p>\n<p><strong>Mitteilungsblatt Sept 2012:<\/strong><br \/>\nLiebe Mitb\u00fcrgerinnen und Mitb\u00fcrger,<br \/>\nAm 11. Mai fand, wie schon fr\u00fcher berichtet, die erste B\u00fcrgerinformation zum Dorfladen-Projekt statt.\u00a0 Es wurde der f\u00fcr Uengershausen angepasste Fragebogen zur Erfassung des Ist-Zustandes, des Einkaufsverhaltens, der W\u00fcnsche und des Beteiligungswillens der B\u00fcrger vorgestellt und besprochen und sp\u00e4ter verteilt. Die eingesammelten Frageb\u00f6gen wurden inzwischen von dem am Projekt beteiligten Unternehmensberater ausgewertet und in einer weiteren Informationsveranstaltung am 1. August vorgestellt.<br \/>\n57% der 200 ausgegebenen Frageb\u00f6gen wurden ausgef\u00fcllt zur\u00fcckgegeben und ausgewertet. 76% w\u00fcnschen sich eine Verbesserung der Einkaufssituation im Ort und w\u00fcrden auch Produkte des t\u00e4glichen Bedarfs in Uengershausen einkaufen. 19% bekunden auch ihr Interesse aktiv und ehrenamtlich mitzuarbeiten. Diese Zahlenwerte sind nach den Erfahrungen des Unternehmensberaters sehr ermutigend und liegen im Vergleich mit anderen Ortschaften deutlich \u00fcber dem Durchschnitt.<br \/>\nIn zwei weiteren Sitzungen am 6. und am 30. August wurde eine Unternehmensform gefunden, die derzeit auch bei vielen anderen Dorfladengr\u00fcndungen bevorzugt wird. Bei diesen wichtigen Entscheidungen werden wir inzwischen kompetent und ehrenamtlich von Bernd Rosengarth, dem Reichenberger Anwalt und Steuerberater unterst\u00fctzt. F\u00fcr sein Engagement bedanken wir uns sehr herzlich. Ein ganz besonderer Dank geb\u00fchrt auch Siegbert Leicht, der sich bereit erkl\u00e4rt hat, die Gesch\u00e4ftsf\u00fchrung ehrenamtlich zu \u00fcbernehmen.<br \/>\nAm 12. Oktober findet um 19 Uhr 30 in der MHZ eine B\u00fcrgerinformation statt, in der \u00fcber die geplante Unternehmensform und die M\u00f6glichkeit der Mitarbeit und der finanziellen Beteiligung der B\u00fcrger berichtet wird. Hierzu laden wir alle\u00a0 interessierten B\u00fcrger, auch der anderen Ortsteile, herzlich ein. Bitte notieren Sie sich diesen wichtigen Termin:<br \/>\nMontag, 12. Oktober 2012, Mehrzweckhalle Uengershausen, 19 Uhr 30:<br \/>\nInformationsveranstaltung zur Gr\u00fcndung der Dorfladen-UG Uengershausen<br \/>\nUnabh\u00e4ngig von diesem Projekt gehen auch andere Ma\u00dfnahmen weiter:\u00a0 Im Rahmen der Veranstaltungsreihe \u201eDorfgespr\u00e4ch\u201c referierte der Reichenberger Anwalt Bernd Rosengarth am Freitag, den 20. Juli 2012 um 20 Uhr in der Wirtschaft der Mehrzweckhalle \u00fcber das Thema \u201ePatientenverf\u00fcgung, Betreuungsvollmacht, Testament\u201c. In der gut besuchten Veranstaltung appellierte Herr Rosengarth an die Zuh\u00f6rer sich rechtzeitig Gedanken zu machen um die Vorsorge f\u00fcr Familie und\/oder eigene Person und Verm\u00f6gen. Anschaulich und mit vielen Beispielen belegt erkl\u00e4rte er den Unterschied zwischen Generalvollmacht, Betreuungsvollmacht und Patientenverf\u00fcgung auf der einen Seite, sowie vorweggenommene Erbfolge, Schenkung, Testament und Erbvertrag andererseits.<br \/>\nUnser n\u00e4chstes \u201eDorfgespr\u00e4ch\u201c findet statt am<br \/>\nFreitag, 14. September 2012, um 20 Uhr in der MZH Uengershausen.<br \/>\nDie geb\u00fcrtige Uengersh\u00e4userin Erika Stavrakakis, geb. R\u00f6sch, berichtet \u00fcber<br \/>\n30 Jahre Leben und Erfahrungen in Griechenland.<br \/>\nAuch zu dieser Veranstaltung sind die B\u00fcrger aller Ortsteile recht herzlich eingeladen. Der Eintritt ist frei.<\/p>\n<p><strong>Mitteilungsblatt Juni 2012:<\/strong><\/p>\n<p>Liebe Mitb\u00fcrger,.<br \/>\nUnter dem Motto \u201eAgenda-Jubil\u00e4um und Dorffestnachlese\u201c waren am Samstag, den 28. April 2012 alle Interessierten zur R\u00fcckschau auf die Projekte in der Vergangenheit aber auch zum Ausblick auf neue Herausforderungen in die Mehrzweckhalle Uengershausen eingeladen.<br \/>\nNachdem das \u00f6rtliche Blasorchester die schwungvolle musikalische Einleitung gespielt hatte lobte B\u00fcrgermeister H\u00fcgelsch\u00e4ffer in seinem Gru\u00dfwort die Arbeit der Ehrenamtlichen, spornte zum Weitermachen an und wies auf das \u00fcber den Dorfrand hinausgehende ILEK-Programm hin.\u00a0 Sigrid Kranz stellte die bereits abgeschlossenen bzw. laufenden Projekte noch einmal vor und ging dann in ihrem Beitrag direkt zu den anstehenden Aufgaben \u00fcber. Den derzeitigen Entwicklungsstand der \u00f6rtlichen Agenda-21-Gruppe beschrieb der Beauftragte der Gemeinde Theodor Laugsch. Er wies auf die Offenheit in der Mitarbeit hin und warb f\u00fcr eine Teilnahme m\u00f6glichst vieler B\u00fcrger.<br \/>\nAnschlie\u00dfend wurden die unerm\u00fcdlichen F\u00fcrsprecher der Agendaarbeit, B\u00fcrgermeister H\u00fcgelsch\u00e4ffer, 2. B\u00fcrgermeisterin Tewes und Theodor Laugsch\u00a0 von der Gruppe f\u00fcr ihren Einsatz geehrt.<br \/>\nEine gro\u00dfe Ehre war auch der Besuch des Landrates Eberhard Nu\u00df, der in seiner Rede sehr anschaulich und lebhaft auf die Wichtigkeit der B\u00fcrgerbeteiligung hinwies und uns so weiter motivierte.<br \/>\nHorst H\u00fcgelsch\u00e4ffer lie\u00df anschlie\u00dfend\u00a0 die beiden vergangenen Dorffeste noch einmal in Wort und Bild an den Zuschauern vorbeiziehen und erinnerte alle Beteiligten an sonnige, aber auch verregnete Tage.<br \/>\nZwischen allen Beitr\u00e4gen lockerte ein tolles Rahmenprogramm den Abend auf. So spielte das Blasorchester noch einmal nach der Rede des B\u00fcrgermeisters, es traten 3 ganz junge Jongleure unter der Leitung von Gabriel Pregitzer mit atemberaubenden Acts auf, der singende Lokalmatador Willi Schober heizte mit einem kleinen Wirtshaussingen ein. Den Abschluss und gleichzeitig den H\u00f6hepunkt aber setzte Inge Veeh mit einem selbstgemachten Sketch, bei dem sich das Publikum vor Lachen die B\u00e4uche hielt. Inge fuhr n\u00e4mlich mit ihrem \u201eMultifunktionskarren\u201c in die Halle ein. Der Holzkarren war mit den verschiedensten Waren beladen und war nunmehr zum fahrenden Dorfladen geworden. Als sie dann schlie\u00dflich noch die Idee \u00e4u\u00dferte, vor den Karren ein Schneer\u00e4umschild zu montieren, damit im Winter nun auch die Nebenstra\u00dfen ger\u00e4umt w\u00fcrden, blieb manchem vor Lachen fast die Luft weg.<br \/>\nEin wundersch\u00f6nes kaltes Buffet wurde er\u00f6ffnet und bot eine reiche Auswahl an selbstgemachten Speisen. Hierbei konnte man sich gem\u00fctlich unterhalten und noch einmal die an die Wand geworfenen Bilder betrachten. Ein herzliches Dankesch\u00f6n all den flei\u00dfigen Helferinnen und Helfern.<br \/>\nDie n\u00e4chste Veranstaltung fand am 11. Mai statt. Dabei ging es um die B\u00fcrgerinformation zum Dorfladen-Projekt. Ein Mitarbeiter eines auf Dorfl\u00e4den spezialisierten Beratungsunternehmens stellte bereits funktionierende Dorfladengr\u00fcndungen vor und berichtete \u00fcber Aufgabestellungen und Probleml\u00f6sungen hierbei. Anschlie\u00dfend wurde der f\u00fcr das Uengersh\u00e4user Projekt angepasste Fragebogen zur Erfassung des Ist-Zustandes, des Einkaufsverhaltens, der W\u00fcnsche und des Beteiligungswillens der B\u00fcrger vorgestellt und besprochen. Hier konnten alle feststellen, dass ein etwas zu schnell sprechender Oberfranke manchmal schwer zu verstehen ist. Am Ende machte Sigrid Kranz noch einmal (gut verst\u00e4ndlich) unmissverst\u00e4ndlich klar, worum es geht: Wir alle werden \u00e4lter und es wird uns zunehmend schwer fallen, uns alleine zu versorgen, indem wir mit dem Auto mit immer teurer werdendem Sprit von Discounter zu Discounter fahren. Wenn dieser Dorfladen nicht zustande kommt, dann wird die Gemeinde das vorhandene Geb\u00e4ude verkaufen und es wird f\u00fcr lange, sehr lange Zeit mit Sicherheit keinen Laden mehr in Uengershausen geben.<br \/>\nInzwischen sind die ausgegebenen Frageb\u00f6gen eingesammelt und gehen dem Unternehmensberater zur Auswertung zu. Etwa gegen Ende Juni werden wir dann mit einem Vorschlag f\u00fcr oder gegen einen Laden rechnen k\u00f6nnen.<br \/>\nUnabh\u00e4ngig vom Ausgang dieses Projekts gehen auch andere Ma\u00dfnahmen weiter:\u00a0 Im Rahmen der Veranstaltungsreihe \u201eDorfgespr\u00e4ch\u201c referiert der Reichenberger Anwalt Bernd Rosengarth am Freitag, den 20. Juli 2012 um 20 Uhr in der Wirtschaft der Mehrzweckhalle \u00fcber das Thema \u201ePatientenverf\u00fcgung, Betreuungsvollmacht, Testament\u201c. Hierzu sind alle B\u00fcrger des Marktes Reichenberg herzlich eingeladen.<\/p>\n<p><strong>Mitteilungsblatt April 2012:<\/strong><\/p>\n<p>Liebe Mitb\u00fcrger,<br \/>\nIm letzten Mitteilungsblatt wurde sie bereits vorangek\u00fcndigt: Eine Veranstaltung zur R\u00fcckschau auf das Dorffest 2011 und gleichzeitig zum 10-j\u00e4hrigen Bestehen der Uengersh\u00e4user Agenda-21-Gruppe.<br \/>\nUnter dem Motto \u201eAgenda-Jubil\u00e4um und Dorffestnachlese\u201c sind alle Interessierten zur R\u00fcckschau auf die Projekte in der Vergangenheit aber auch zum Ausblick auf neue Herausforderungen am<br \/>\nSamstag, den 28. April 2012, 19 Uhr<br \/>\nin die Mehrzweckhalle Uengershausen eingeladen.<br \/>\nIn einem ca. zweieinhalbst\u00fcndigen Programm wollen wir,\u00a0 von einem Rahmenprogramm aus Musik, Gru\u00dfworten und Text- und Bildbeitr\u00e4gen begleitet, zun\u00e4chst auf die Entwicklung des Agenda-21-Prozesses schauen. Wir wollen die einzelnen Projekte revue passieren lassen und schlie\u00dflich beschreiben, wie es in der nahen Zukunft weiter gehen k\u00f6nnte. Es wird sicher auch f\u00fcr die Ehreng\u00e4ste aus anderen Gemeinden\u00a0 interessant sein zu sehen, wie ein Agenda-Prozess in einer so kleinen Gemeinde aussehen kann.<br \/>\nAnschlie\u00dfend wird das leicht verregnete Dorffest noch einmal gew\u00fcrdigt und nach einem letzten Rahmenprogramm-Beitrag wird dann das kalte Buffet er\u00f6ffnet. Hierbei kann man sich gem\u00fctlich unterhalten und noch einmal die an die Wand geworfenen Bilder betrachten.<br \/>\nWir freuen uns auf Ihr Kommen!<br \/>\nAuch mit unserem Dorfladen-Projekt ist es weiter gegangen. Der Gemeinderat hat beschlossen, die Fragebogenaktion und deren Auswertung, sowie die Durchf\u00fchrung der Informationsveranstaltung der B\u00fcrger hierzu an ein unabh\u00e4ngiges, auf die Nahversorgung spezialisiertes Beratungsunternehmen zu vergeben. Dazu sagen wir B\u00fcrgermeister H\u00fcgelsch\u00e4ffer, der zweiten B\u00fcrgermeisterin Tewes und allen Gemeinder\u00e4ten herzlichen Dank. Den Termin f\u00fcr die Veranstaltung geben wir rechtzeitig bekannt (vorr. Mai).<br \/>\nGanz herzlich bedanken m\u00f6chten wir uns auch beim Ehepaar Windmeisser, Uengershausen. Die beiden haben uns ohne gro\u00dfe Umst\u00e4nde einen Teil ihrer Scheune als Lagerm\u00f6glichkeit f\u00fcr das Weihnachtsmarkt-H\u00e4uschen zur Verf\u00fcgung gestellt. Respekt vor so einer Geste.<br \/>\nZum Schluss m\u00f6chte ich noch einmal an die Informationsm\u00f6glichkeit im Internet erinnern, wo Sie viele Texte und Bilder aus dem Dorfleben betrachten k\u00f6nnen, z. B. auch die vom 25-j\u00e4rigen Bestehen der Singgeminschaft. Einfach suchen unter www.uengershasen.de .<\/p>\n<p><strong>Mitteilungsblatt M\u00e4rz 2012:<\/strong><\/p>\n<p>Liebe Mitb\u00fcrger,<br \/>\nNachdem wir\u00a0 uns im Mitteilungsblatt l\u00e4nger nicht ger\u00fchrt haben, melden wir uns jetzt wieder mit aktuellen Nachrichten von den Agenda-Aktivit\u00e4ten in unserem Ortsteil Uengershausen.<br \/>\nGanz aktuell ist die (Fast-) Schlie\u00dfung unseres Ladens. Dieser Tatsache l\u00e4uft ein Trend entgegen, demzufolge immer mehr kleine Dorfl\u00e4den (wieder) entstehen. Allerdings ist es wohl nur selten der Fall, dass so ein kleiner Laden eine ganze Person, geschweige denn eine Familie ern\u00e4hrt. Deshalb wird nach Konzepten gesucht, mit denen die Nahversorgung\u00a0 auch in kleinen Gemeinden oder Gemeindeteilen gew\u00e4hrleistet werden kann. Das kann ein zu gr\u00fcndender Verein, eine Genossenschaft oder eine GmbH oder \u00c4hnliches sein. Wir haben uns nun aus dem gegebenen Anlass umgesehen und umgeh\u00f6rt und fangen an, mit der Hilfe von hierin erfahrenen Personen, ein solches Konzept zu entwickeln.\u00a0 Wichtigstes Element ist jedoch die Unterst\u00fctzung und der gute Wille der Dorfbev\u00f6lkerung. Jeder muss sich bewusst machen, welche Vorteile ein Laden am Ort hat und sollte diesen, sofern eine Gr\u00fcndung zustande kommt,\u00a0 deshalb auch nutzen. Wie so ein Gesch\u00e4ft aussehen kann , auch das obliegt uns allen, den B\u00fcrgern, denn die Teilnahme jedes Einzelnen ist wichtig.<br \/>\nKonkret soll es so ablaufen, dass in einer ersten Gro\u00dfveranstaltung die B\u00fcrger \u00fcber die M\u00f6glichkeiten einer Dorfladengr\u00fcndung mit all ihren Erfordernissen und Risiken von kompetenter Seite informiert werden. Es wird dann ein Ortsspezifischer Fragebogen entwickelt und ausgegeben. Die R\u00fccksendungen eines jeden Haushalts werden detailliert ausgewertet. Aufgrund dieser Auswertung erfolgt dann eine Empfehlung einen Dorfladen zu gr\u00fcnden, oder aber es\u00a0 sein zu lassen, je nach dem Interesse, das die Bev\u00f6lkerung zeigt. Damit wir als Agendagruppe nicht mit unserer subjektiven Sichtweise die Fragebogenaktion verf\u00e4lschen, ist die Durchf\u00fchrung durch eine unabh\u00e4ngige Firma dringend notwendig.<br \/>\nOffen gesagt, es geht nat\u00fcrlich auch um Geld: Ein Laden braucht erst mal Kapital f\u00fcr die Grundeinrichtung und die Artikel, Er muss das Personal bezahlen usw. . Er braucht auch Ideen: Was soll angeboten werden, wie holt man Kunden herbei, was f\u00fcr Aktionen kann man machen. Sie k\u00f6nnen sich ja schon mal etwas \u00fcberlegen und sich dann in die Planung mit einbringen. Den Termin f\u00fcr die Gro\u00dfveranstaltung geben wir rechtzeitig bekannt.<br \/>\nAber die Agenda-21 in Uengershausen hat auch sonst noch ein Jahresprogramm.<br \/>\nAm 23. Januar fand eine Informationsveranstaltung zum geplanten Baugebiet an der Ringstra\u00dfe statt. Hier wurden die Planungsdetails vom ausf\u00fchrenden Ingenieurb\u00fcro erl\u00e4utert und eingehend diskutiert.<br \/>\nDie Befragungsaktion wegen des Radweges nach Reichenberg dauert noch an. Bitte wenden Sie sich deshalb an Frau Dr. Leclerq oder holen Sie sich den Fragebogen im Internet unter www.uengershausen.de .<br \/>\nEs wird eine Dorffest-Nachlese stattfinden, und zwar voraussichtlich im April\/Mail, allerdings in der Halle, da kann es drau\u00dfen ruhig regnen! Der genaue Termin folgt. Die Nachlese hat auch ein Gr\u00f6\u00dferes Motto als nur das vergangene Dorffest, n\u00e4mlich \u201a10 Jahre Dorf- und Flurentwicklung Uengershausen\u2018, da wollen wir sowohl R\u00fcck- wie auch Vorausschau halten.<br \/>\nWeitere Projekte wie das Dorfgespr\u00e4ch, das Frauenfr\u00fchst\u00fcck, der Dorfkalender, das Apfelprojekt mit der Grundschule, die Teilnahme am Weihnachtsmarkt, werden auch in diesem Jahr weitergef\u00fchrt.<br \/>\nWichtig w\u00e4re auch heuer wieder, dass wir Freiwillige f\u00fcr die Spielplatzpflege am Birkenweg finden. Ganz toll w\u00e4re es, wenn sich die Leute freiwillig melden w\u00fcrden und wir nicht erst fragen m\u00fcssten (einfach bei Michael Kestler, Wolfgang Schnabel oder J\u00fcrgen Kranz anrufen oder vorbeikommen).<br \/>\nWenn Sie mehr Informationen und aktuelle Termine von Kirchengemeinde, Vereinen und Agenda-21 erfahren wollen, dann suchen Sie unsere Internetseite www.uengershausen.de auf.<br \/>\nMit besten Gr\u00fc\u00dfen<br \/>\nJ\u00fcrgen Kranz<\/p>\n","protected":false},"excerpt":{"rendered":"<p>Hier wird anhand von verschiedenen Dokumenten, z. B. Artikel im Mitteilungsblatt das Entstehen des geplanten Dorfladens aufgezeigt. 20. und 21. Juli 2018: 5 Jahre Dorfladen Uengershausen Der Dorfladen feierte sein 5-j\u00e4hriges Bestehen sowie die offizielle Inbetriebnahme der neuen Nebengeb\u00e4ude mit &hellip; <a href=\"http:\/\/wp1189977.server-he.de\/wp\/?page_id=1407\">Weiterlesen <span class=\"meta-nav\">&rarr;<\/span><\/a><\/p>\n","protected":false},"author":1,"featured_media":0,"parent":2,"menu_order":0,"comment_status":"closed","ping_status":"closed","template":"","meta":[],"_links":{"self":[{"href":"http:\/\/wp1189977.server-he.de\/wp\/index.php?rest_route=\/wp\/v2\/pages\/1407"}],"collection":[{"href":"http:\/\/wp1189977.server-he.de\/wp\/index.php?rest_route=\/wp\/v2\/pages"}],"about":[{"href":"http:\/\/wp1189977.server-he.de\/wp\/index.php?rest_route=\/wp\/v2\/types\/page"}],"author":[{"embeddable":true,"href":"http:\/\/wp1189977.server-he.de\/wp\/index.php?rest_route=\/wp\/v2\/users\/1"}],"replies":[{"embeddable":true,"href":"http:\/\/wp1189977.server-he.de\/wp\/index.php?rest_route=%2Fwp%2Fv2%2Fcomments&post=1407"}],"version-history":[{"count":6,"href":"http:\/\/wp1189977.server-he.de\/wp\/index.php?rest_route=\/wp\/v2\/pages\/1407\/revisions"}],"predecessor-version":[{"id":3686,"href":"http:\/\/wp1189977.server-he.de\/wp\/index.php?rest_route=\/wp\/v2\/pages\/1407\/revisions\/3686"}],"up":[{"embeddable":true,"href":"http:\/\/wp1189977.server-he.de\/wp\/index.php?rest_route=\/wp\/v2\/pages\/2"}],"wp:attachment":[{"href":"http:\/\/wp1189977.server-he.de\/wp\/index.php?rest_route=%2Fwp%2Fv2%2Fmedia&parent=1407"}],"curies":[{"name":"wp","href":"https:\/\/api.w.org\/{rel}","templated":true}]}}