{"id":1046,"date":"2011-08-22T15:58:54","date_gmt":"2011-08-22T12:58:54","guid":{"rendered":"http:\/\/wp1189977.wp214.webpack.hosteurope.de\/wp\/?page_id=1046"},"modified":"2015-01-04T14:07:04","modified_gmt":"2015-01-04T11:07:04","slug":"verlauf","status":"publish","type":"page","link":"http:\/\/wp1189977.server-he.de\/wp\/?page_id=1046","title":{"rendered":"Verlauf"},"content":{"rendered":"<h1><strong>Agenda-Verlauf<\/strong><\/h1>\n<h3><strong>\u201eUengershausen bewegen \u2013 gemeinsam gut leben!\u201c<\/strong><\/h3>\n<h3><a href=\"http:\/\/wp1189977.server-he.de\/wp\/wp-content\/uploads\/2011\/08\/Logoneu11.gif\"><img decoding=\"async\" loading=\"lazy\" class=\"aligncenter size-full wp-image-2319\" title=\"Logoneu1\" src=\"http:\/\/wp1189977.server-he.de\/wp\/wp-content\/uploads\/2011\/08\/Logoneu11.gif\" alt=\"\" width=\"459\" height=\"370\" srcset=\"http:\/\/wp1189977.server-he.de\/wp\/wp-content\/uploads\/2011\/08\/Logoneu11.gif 459w, http:\/\/wp1189977.server-he.de\/wp\/wp-content\/uploads\/2011\/08\/Logoneu11-300x241.gif 300w\" sizes=\"(max-width: 459px) 100vw, 459px\" \/><\/a><\/h3>\n<h3><strong>13 Jahre Agenda21 Uengershausen<\/strong><\/h3>\n<p>Obwohl die B\u00fcrgerbeteiligung in der Dorf- und Flurentwicklung Uengershausen bisher nicht von staatlicher Seite unterst\u00fctzt werden konnte, sondern ausschlie\u00dflich von der eigenen Marktgemeinde, funktioniert sie nun schon \u00fcber zehn Jahre. Wie kam es dazu?<\/p>\n<p>Nach Informationsveranstaltungen, zu der alle Einwohner eingeladen waren, legten zuerst einige Landwirte mit organisatorischer Unterst\u00fctzung der Jagdgenossenschaft Uengershausen Wildkr\u00e4uter\u00e4cker nach dem Kulturlandschaftsprogramm an.<\/p>\n<p>Dann gr\u00fcndete sich ein\u00a0 Dorfentwicklungsteam (DET), das die gesamte Einwohnerschaft informierte und motivierte, z.B. mit Besichtigungsfahrten zu Agenda21-Gemeinden und einem \u201eMarkt der M\u00f6glichkeiten\u201c in der Mehrzweckhalle. Unter dem Motto \u201eUengershausen bewegen \u2013 gemeinsam gut leben\u201c erstellte die Uengersh\u00e4user Bev\u00f6lkerung ein Leitbild, eine Ist-Soll-Analyse, einen Ma\u00dfnahmenkatalog und es bildeten sich Arbeitskreise. Dann wurden die ersten Ma\u00dfnahmen umgesetzt. Seitdem ist die Agenda21 ein aktiver Bestandteil des Dorflebens. Gro\u00dfveranstaltungen f\u00fcr alle B\u00fcrgerinnen und B\u00fcrger wechseln sich mit Sitzungen des Dorfentwicklungsteams und der Arbeitskreise ab. Der Gro\u00dfteil der Veranstaltungen wird nach Metaplan-Methoden moderiert und die Ergebnisse werden dokumentiert. Die Uengersh\u00e4user Bev\u00f6lkerung hat so die M\u00f6glichkeit, ihre Vorschl\u00e4ge f\u00fcr die zuk\u00fcnftige Gestaltung ihres Ortes einzubringen. Die Agenda21 nimmt diese Vorschl\u00e4ge in das Leitbild auf, leitet daraus Ziele und die n\u00e4chsten Ma\u00dfnahmen ab. Es ist selbstverst\u00e4ndlich, dass f\u00fcr die einzelnen Projekte die Genehmigung der Gemeinde eingeholt wird. Dann werden die Ma\u00dfnahmen, Projekte und Aktionen in vielen Stunden ehrenamtlicher T\u00e4tigkeit umgesetzt.<\/p>\n<p style=\"text-align: center;\"><a href=\"http:\/\/wp1189977.server-he.de\/wp\/wp-content\/uploads\/2011\/08\/Organisation-der-DFEU.gif\"><img decoding=\"async\" loading=\"lazy\" class=\"aligncenter size-full wp-image-2324\" title=\"Organisation der DFEU\" src=\"http:\/\/wp1189977.server-he.de\/wp\/wp-content\/uploads\/2011\/08\/Organisation-der-DFEU.gif\" alt=\"\" width=\"504\" height=\"672\" srcset=\"http:\/\/wp1189977.server-he.de\/wp\/wp-content\/uploads\/2011\/08\/Organisation-der-DFEU.gif 720w, http:\/\/wp1189977.server-he.de\/wp\/wp-content\/uploads\/2011\/08\/Organisation-der-DFEU-225x300.gif 225w\" sizes=\"(max-width: 504px) 100vw, 504px\" \/><\/a><\/p>\n<p>Unter dem Link <a href=\"http:\/\/wp1189977.server-he.de\/wp\/?page_id=966\">\u201eMa\u00dfnahmen\u201c <\/a>finden Sie die meisten Ma\u00dfnahmen aus den vergangenen Jahren, die zum Teil seit Beginn des Agendaprozesses laufen und das Dorfleben nachhaltig beleben.<\/p>\n","protected":false},"excerpt":{"rendered":"<p>Agenda-Verlauf \u201eUengershausen bewegen \u2013 gemeinsam gut leben!\u201c 13 Jahre Agenda21 Uengershausen Obwohl die B\u00fcrgerbeteiligung in der Dorf- und Flurentwicklung Uengershausen bisher nicht von staatlicher Seite unterst\u00fctzt werden konnte, sondern ausschlie\u00dflich von der eigenen Marktgemeinde, funktioniert sie nun schon \u00fcber zehn &hellip; <a href=\"http:\/\/wp1189977.server-he.de\/wp\/?page_id=1046\">Weiterlesen <span class=\"meta-nav\">&rarr;<\/span><\/a><\/p>\n","protected":false},"author":1,"featured_media":0,"parent":2,"menu_order":0,"comment_status":"closed","ping_status":"closed","template":"","meta":[],"_links":{"self":[{"href":"http:\/\/wp1189977.server-he.de\/wp\/index.php?rest_route=\/wp\/v2\/pages\/1046"}],"collection":[{"href":"http:\/\/wp1189977.server-he.de\/wp\/index.php?rest_route=\/wp\/v2\/pages"}],"about":[{"href":"http:\/\/wp1189977.server-he.de\/wp\/index.php?rest_route=\/wp\/v2\/types\/page"}],"author":[{"embeddable":true,"href":"http:\/\/wp1189977.server-he.de\/wp\/index.php?rest_route=\/wp\/v2\/users\/1"}],"replies":[{"embeddable":true,"href":"http:\/\/wp1189977.server-he.de\/wp\/index.php?rest_route=%2Fwp%2Fv2%2Fcomments&post=1046"}],"version-history":[{"count":13,"href":"http:\/\/wp1189977.server-he.de\/wp\/index.php?rest_route=\/wp\/v2\/pages\/1046\/revisions"}],"predecessor-version":[{"id":1048,"href":"http:\/\/wp1189977.server-he.de\/wp\/index.php?rest_route=\/wp\/v2\/pages\/1046\/revisions\/1048"}],"up":[{"embeddable":true,"href":"http:\/\/wp1189977.server-he.de\/wp\/index.php?rest_route=\/wp\/v2\/pages\/2"}],"wp:attachment":[{"href":"http:\/\/wp1189977.server-he.de\/wp\/index.php?rest_route=%2Fwp%2Fv2%2Fmedia&parent=1046"}],"curies":[{"name":"wp","href":"https:\/\/api.w.org\/{rel}","templated":true}]}}