{"id":1021,"date":"2011-08-22T11:48:53","date_gmt":"2011-08-22T08:48:53","guid":{"rendered":"http:\/\/wp1189977.wp214.webpack.hosteurope.de\/wp\/?page_id=1021"},"modified":"2011-08-22T12:15:09","modified_gmt":"2011-08-22T09:15:09","slug":"leitbild","status":"publish","type":"page","link":"http:\/\/wp1189977.server-he.de\/wp\/?page_id=1021","title":{"rendered":"Leitbild"},"content":{"rendered":"<h1><span style=\"color: #000000;\"><span style=\"font-family: Times New Roman;\">Agenda-Leitbild<\/span><\/span><\/h1>\n<p>&nbsp;<\/p>\n<p><span style=\"color: #000000;\"><span style=\"font-family: Times New Roman;\">Wichtig f\u00fcr die Arbeit der Agenda-Gruppe ist das Leitbild, das aufgrund der Vorschl\u00e4ge der B\u00fcrgerinnen und B\u00fcrger, die zu Gro\u00dfveranstaltungen mit entsprechenden Moderationen und Themenbereichen gekommen waren, zustande gekommen ist. Die Ergebnisse der Gro\u00dfveranstaltungen in den Jahren 2002 und 2004\u00a0 wurden 2010 auf einer weiteren Gro\u00dfveranstaltung aktualisiert und \u00fcberarbeitet.<\/span><\/span><\/p>\n<p><span style=\"color: #000000;\"><span style=\"font-family: Times New Roman;\">Auf Grundlage der Beitr\u00e4ge, Vorschl\u00e4ge und W\u00fcnsche der Uengersh\u00e4user B\u00fcrgerinnen und B\u00fcrger ergibt sich f\u00fcr die n\u00e4chsten Jahre folgendes Leitbild:<\/span><\/span><\/p>\n<p><span style=\"color: #000000;\"><span style=\"font-family: Times New Roman;\">&#8222;<em><strong>Uengershausen bewegen &#8211; gemeinsam gut leben<\/strong><\/em>&#8222;<\/span><\/span><\/p>\n<p><span style=\"color: #000000;\"><span style=\"font-family: Times New Roman;\"><a href=\"http:\/\/wp1189977.wp214.webpack.hosteurope.de\/wp\/wp-content\/uploads\/2011\/08\/Logoneu1.gif\"><img decoding=\"async\" loading=\"lazy\" class=\"size-thumbnail wp-image-1026 alignleft\" title=\"Logoneu1\" src=\"http:\/\/wp1189977.wp214.webpack.hosteurope.de\/wp\/wp-content\/uploads\/2011\/08\/Logoneu1-150x150.gif\" alt=\"\" width=\"150\" height=\"150\" \/><\/a><\/span><\/span><\/p>\n<table width=\"100%\" cellspacing=\"0\" cellpadding=\"0\">\n<tbody>\n<tr>\n<td><strong><em><\/em><\/strong>\u00a0\u00a0<\/p>\n<div><em><strong>Verkehr:<\/strong><\/em> Wir gestalten die Verkehrswege sicher und setzen uns f\u00fcr bedarfsgerechte Busverbindungen aller Einwohnergruppen ein.<\/div>\n<div>\u00a0<\/div>\n<div><em><strong><\/strong><\/em><em><strong>Dorfbild:<\/strong><\/em> Wir versch\u00f6nern das Dorfbild, tragen Sorge f\u00fcr die Gestaltung von Platz- und Stra\u00dfenr\u00e4umen und notwendigen Baulandes, um letztlich Dorfgemeinschaft und Lebensqualit\u00e4t zu f\u00f6rdern.<\/div>\n<p><em><strong>\u00d6kologie\/Umwelt:<\/strong><\/em> Wir bewahren die naturnahe Gestaltung unseres Dorfes und seiner Landschaft, erhalten die Streuobstwiesen und legen neue an, pflegen die Wanderwege und bauen neue Radwege aus.\u00a0<\/p>\n<p><em><strong>Dorfgemeinschaft\/Dorfleben:<\/strong><\/em> Wir f\u00fchren ein reges Dorfleben, unterst\u00fctzen uns gegenseitig und f\u00f6rdern die Dorfgemeinschaft, indem auf die Bed\u00fcrfnisse aller Generationen eingegangen wird.\u00a0<\/p>\n<p><em><strong>Landwirtschaft:<\/strong><\/em> Wir erhalten die Landwirtschaft f\u00fcr eine eigenst\u00e4ndige Entwicklung des Dorfes. Direktvermarktung, Landschaftspflege, Rad- und Wanderwege f\u00f6rdern die Lebensqualit\u00e4t.\u00a0<\/p>\n<p><span style=\"color: #000000;\"><span style=\"font-family: Times New Roman;\"><em><strong>Wirtschaft\/Gewerbe\/Handel:<\/strong><\/em> Wir bauen die \u00f6rtliche Versorgung aus und bieten G\u00fcter und Dienstleistungen f\u00fcr die Region<\/span><\/span><\/td>\n<\/tr>\n<\/tbody>\n<\/table>\n<p><span style=\"font-family: Times New Roman;\"><strong>Dorf- und Flurentwicklung Uengershausen<\/strong><\/span><\/p>\n<p><strong><span style=\"color: #000000;\"><span style=\"font-family: Times New Roman;\">\u201eMarkt der M\u00f6glichkeiten\u201c am 20.11.2011\u00a0\u00a0\u00a0\u00a0\u00a0\u00a0\u00a0\u00a0\u00a0\u00a0\u00a0\u00a0\u00a0\u00a0\u00a0\u00a0\u00a0\u00a0\u00a0\u00a0\u00a0\u00a0\u00a0\u00a0\u00a0 <\/span><\/span><\/strong><strong><em><\/em><\/strong><\/p>\n<p><span style=\"color: #000000;\"><span style=\"font-family: Times New Roman;\">o\u00a0\u00a0\u00a0 Bisheriges Leitbild,<br \/>\no\u00a0\u00a0\u00a0 Schwerpunkte der Arbeitskreise (AK) und<br \/>\no\u00a0\u00a0\u00a0 Ideen, Vorschl\u00e4ge aus der Gro\u00dfveranstaltung von 2004 bewerten<\/span><\/span><\/p>\n<p><span style=\"color: #000000;\"><span style=\"font-family: Times New Roman;\">Im Folgenden sind die von den B\u00fcrgerinnen und B\u00fcrgern<\/span><\/span><span style=\"color: #000000;\"><span style=\"font-family: Times New Roman;\">\u00a0<strong>aktualisierte und gewichtete Themen <\/strong>ersichtlich:<\/span><\/span><\/p>\n<p><span style=\"font-family: Times New Roman;\"><strong>Verkehr\u00a0\u00a0 32<\/strong><br \/>\n<span style=\"color: #000000;\">Busverbindung bedarfsgereicht anbieten\u00a0\u00a0\u00a0 17<\/span><\/span><\/p>\n<p><span style=\"color: #000000;\"><span style=\"font-family: Times New Roman;\">Verkehrswege sichern (04) 6<\/span><\/span><\/p>\n<p><span style=\"color: #000000;\"><span style=\"font-family: Times New Roman;\">Alternative Verbindungen schaffen\u00a0\u00a0\u00a0 5<\/span><\/span><\/p>\n<p><span style=\"color: #000000;\"><span style=\"font-family: Times New Roman;\">Autostellpl\u00e4tze (04)\u00a0\u00a0\u00a0 4<\/span><\/span><\/p>\n<p><span style=\"font-family: Times New Roman;\"><strong>Dorfbild\u00a0 22<\/strong><br \/>\n<span style=\"color: #000000;\">Kirchenbereich gestalten\u00a0 (AK)\u00a0\u00a0\u00a0 6<\/span><\/span><\/p>\n<p><span style=\"color: #000000;\"><span style=\"font-family: Times New Roman;\">Aussegnungs\/Leichenhalle (04) (Ak) 6<\/span><\/span><\/p>\n<p><span style=\"color: #000000;\"><span style=\"font-family: Times New Roman;\">Dorf begr\u00fcnen\u00a0\u00a0\u00a0 4<\/span><\/span><\/p>\n<p><span style=\"color: #000000;\"><span style=\"font-family: Times New Roman;\">Friedhof\u00a0\u00a0\u00a0 2<\/span><\/span><\/p>\n<p><span style=\"color: #000000;\"><span style=\"font-family: Times New Roman;\">Mehrzweckhallenbereich versch\u00f6nern\u00a0\u00a0\u00a0 1<\/span><\/span><\/p>\n<p><span style=\"color: #000000;\"><span style=\"font-family: Times New Roman;\">Pl\u00e4tze und Stra\u00dfenr\u00e4ume gestalten\u00a0\u00a0\u00a0 1<\/span><\/span><\/p>\n<p><span style=\"color: #000000;\"><span style=\"font-family: Times New Roman;\">Zerfallene Geb\u00e4ude\u00a0\u00a0\u00a0 1\u00a0\u00a0\u00a0 Baupl\u00e4tze (AK)\u00a0\u00a0\u00a0 1<\/span><\/span><\/p>\n<p><span style=\"font-family: Times New Roman;\"><strong>\u00d6kologie \/ Umwelt\u00a0 19<\/strong><br \/>\n<span style=\"color: #000000;\">Rad- und Wanderwege pflegen und anlegen (AK)\u00a0\u00a0\u00a0 9<\/span><\/span><\/p>\n<p><span style=\"color: #000000;\"><span style=\"font-family: Times New Roman;\">Streuobstwiesen erhalten, neu anlegen\u00a0\u00a0\u00a0 2<\/span><\/span><\/p>\n<p><span style=\"color: #000000;\"><span style=\"font-family: Times New Roman;\">Wasserschutz und Regenwassernutzung f\u00f6rdern\u00a0\u00a0\u00a0 1<\/span><\/span><\/p>\n<p><span style=\"color: #000000;\"><span style=\"font-family: Times New Roman;\">Verkehr\u00a0\u00a0\u00a0 1<\/span><\/span><\/p>\n<p><span style=\"color: #000000;\"><span style=\"font-family: Times New Roman;\">Biologische Landwirtschaft f\u00f6rdern\u00a0\u00a0\u00a0 1<\/span><\/span><\/p>\n<p><span style=\"color: #000000;\"><span style=\"font-family: Times New Roman;\">Windr\u00e4der\u00a0\u00a0\u00a0 5<\/span><\/span><\/p>\n<p><span style=\"font-family: Times New Roman;\"><strong>Dorfgemeinschaft \/ Dorfleben\u00a0 18<\/strong><br \/>\n<span style=\"color: #000000;\">Verschiedene Vorschl\u00e4ge zum Dorfleben\u00a0\u00a0\u00a0 5<\/span><\/span><\/p>\n<p><span style=\"color: #000000;\"><span style=\"font-family: Times New Roman;\">Jugendaktivit\u00e4ten\u00a0\u00a0\u00a0 4<\/span><\/span><\/p>\n<p><span style=\"color: #000000;\"><span style=\"font-family: Times New Roman;\">Kirche\u00a0\u00a0\u00a0 3<\/span><\/span><\/p>\n<p><span style=\"color: #000000;\"><span style=\"font-family: Times New Roman;\">Senioren\u00a0\u00a0\u00a0 2<\/span><\/span><\/p>\n<p><span style=\"color: #000000;\"><span style=\"font-family: Times New Roman;\">Vereinsleben\u00a0\u00a0\u00a0 2<\/span><\/span><\/p>\n<p><span style=\"color: #000000;\"><span style=\"font-family: Times New Roman;\">Feste\u00a0\u00a0\u00a0 2<\/span><\/span><\/p>\n<p><span style=\"font-family: Times New Roman;\"><strong>Landwirtschaft in Dorf und Flur\u00a0\u00a0 17<\/strong><br \/>\n<span style=\"color: #000000;\">Radwege \u00a0\u00a0\u00a0 7<\/span><\/span><\/p>\n<p><span style=\"color: #000000;\"><span style=\"font-family: Times New Roman;\">Einkauf direkt beim Bauern ausbauen\u00a0\u00a0\u00a0 6<\/span><\/span><\/p>\n<p><span style=\"color: #000000;\"><span style=\"font-family: Times New Roman;\">Kleintierhaltung\u00a0\u00a0\u00a0 2<\/span><\/span><\/p>\n<p><span style=\"color: #000000;\"><span style=\"font-family: Times New Roman;\">Landwirtschaft vielf\u00e4ltig gestalten, versch\u00f6nern\u00a0\u00a0\u00a0 2<\/span><\/span><\/p>\n<p><span style=\"font-family: Times New Roman;\"><strong>Wirtschaft\/Gewerbe\/Handel\u00a0\u00a0 16<\/strong><br \/>\n<span style=\"color: #000000;\">Ortsnahe Versorgung ber\u00fccksichtigen\u00a0\u00a0\u00a0 9<\/span><\/span><\/p>\n<p><span style=\"color: #000000;\"><span style=\"font-family: Times New Roman;\">F\u00fcr Tourismus \u00f6ffnen\u00a0\u00a0\u00a0 7<\/span><\/span><\/p>\n<p><strong><span style=\"font-family: Times New Roman; color: #000000;\">\u00a0<\/span><\/strong><\/p>\n<p><strong><span style=\"color: #000000;\"><span style=\"font-family: Times New Roman;\">\u201eMarkt der M\u00f6glichkeiten\u201c am 20.11.2010\u00a0\u00a0\u00a0\u00a0\u00a0\u00a0\u00a0\u00a0\u00a0\u00a0\u00a0\u00a0\u00a0\u00a0\u00a0\u00a0\u00a0\u00a0\u00a0\u00a0\u00a0\u00a0 <\/span><\/span><\/strong><strong><em><\/em><\/strong><\/p>\n<p><span style=\"color: #000000;\"><span style=\"font-family: Times New Roman;\"><strong>Ergebnisse der \u201eMarktst\u00e4nde\u201c<\/strong><\/span><\/span><\/p>\n<p><span style=\"font-family: Times New Roman;\"><strong>Verkehr (Moderation: Eva Liebich)<\/strong><\/span><\/p>\n<p><span style=\"color: #000000;\"><span style=\"font-family: Times New Roman;\">\u00d6PNV<\/span><\/span><\/p>\n<p><span style=\"color: #000000;\"><span style=\"font-family: Times New Roman;\">Wichtige Leitgedanken:<br \/>\n\u2022\u00a0\u00a0\u00a0 Wohnwert (auch) abh\u00e4ngig vom \u00d6PNV-Angebot<br \/>\n\u2022\u00a0\u00a0\u00a0 Ortsteile d\u00fcrfen sich nicht benachteiligt f\u00fchlen, Gemeinde muss zusammenwachsen<br \/>\n\u2022\u00a0\u00a0\u00a0 In den Hauptort muss man kommen<br \/>\n\u2022\u00a0\u00a0\u00a0 Man darf Schule nicht nach knappem \u00d6PNV-Angebot ausw\u00e4hlen m\u00fcssen<br \/>\n\u2022\u00a0\u00a0\u00a0 Verk\u00fcrzte Reisezeiten vor allem f\u00fcr Sch\u00fcler notwendig!<\/span><\/span><\/p>\n<p><span style=\"color: #000000;\"><span style=\"font-family: Times New Roman;\">Kinder:<br \/>\n\u2022\u00a0\u00a0\u00a0 Nutzbarkeit Mittagsbetreuung Reichenberg eingeschr\u00e4nkt<br \/>\n\u2022\u00a0\u00a0\u00a0 Busse f\u00fcr sportliche\/kulturelle Angebote in Reichenberg<\/span><\/span><\/p>\n<p><span style=\"color: #000000;\"><span style=\"font-family: Times New Roman;\">Ressourcen sinnvoll einsetzen:<br \/>\n\u2022\u00a0\u00a0\u00a0 Jedes Verkehrsmittel, dass vom Steuerzahler bezahlt wird, muss von diesem benutzbar sein<br \/>\no\u00a0\u00a0\u00a0 Hauptsch\u00fcler Heuchelhof auf jeden Fall mit \u00f6ffentlichen Bussen fahren lassen (F\u00f6rderung Angebot)<br \/>\no\u00a0\u00a0\u00a0 Kindergartenbus, Nutzung auch durch Bev\u00f6lkerung, zahlt ja auch<br \/>\no\u00a0\u00a0\u00a0 K\u00f6nnen Fahrten der Grundsch\u00fcler ins \u00f6ffentliche Bussystem eingespeist werden?<\/span><\/span><\/p>\n<p><span style=\"color: #000000;\"><span style=\"font-family: Times New Roman;\">Radwege<br \/>\n\u2022\u00a0\u00a0\u00a0 Kein Verst\u00e4ndnis f\u00fcr Entscheidung der Beh\u00f6rden wegen Unterf\u00fchrung<br \/>\n\u2022\u00a0\u00a0\u00a0 Abschnitt Lindenstra\u00dfe Sportplatz zeitnah realisieren<\/span><\/span><\/p>\n<p><span style=\"font-family: Times New Roman;\"><strong>Dorfbild (Moderation: J\u00fcrgen Kranz)<\/strong><\/span><\/p>\n<p><span style=\"color: #000000;\"><span style=\"font-family: Times New Roman;\">\u2022\u00a0\u00a0\u00a0 Hauptstra\u00dfe neu gestalten<br \/>\n\u2022\u00a0\u00a0\u00a0 Begr\u00fcnung der Hauptstra\u00dfe auf \u00f6ffentlichen Grund durch Blumenk\u00fcbel, Rosen etc.<br \/>\n\u2022\u00a0\u00a0\u00a0 Qualit\u00e4t der Dorfbeleuchtung fraglich<br \/>\n\u2022\u00a0\u00a0\u00a0 Appell an private Grundst\u00fccksbesitzer: Kein Schuttablageplatz mitten im Dorf<br \/>\n\u2022\u00a0\u00a0\u00a0 Platz an der M\u00fchle gestalten<br \/>\n\u2022\u00a0\u00a0\u00a0 Spielplatzpflege: 1 Mal pro Jahr von Gemeinde<br \/>\n\u2022\u00a0\u00a0\u00a0 Erhaltenswerte Fl\u00e4chen sollten von Gemeinde erworben werden zwecks Dorfgestaltung<br \/>\n\u2022\u00a0\u00a0\u00a0 Platz vor Mehrzweckhalle gestalten einschlie\u00dflich Bushaltestelle<br \/>\n\u2022\u00a0\u00a0\u00a0 Kann der Abwassergraben zwischen \u201eG\u00e4ngle\u201c und \u201eMohr\u201c verrohrt werden + \u201eSchmutze-G\u00e4ngele\u201c<br \/>\n\u2022\u00a0\u00a0\u00a0 Wann erfolgt die Erschlie\u00dfung am Tiegel?<br \/>\n\u2022\u00a0\u00a0\u00a0 Sind Baupl\u00e4tze am Tiegel bebaubar oder nicht?<br \/>\n\u2022\u00a0\u00a0\u00a0 Wie ist der jetzige Stand der geplanten Infrastruktur am Tiegel?<br \/>\n\u2022\u00a0\u00a0\u00a0 Weitere Ruheb\u00e4nke rund um den Ort<br \/>\n\u2022\u00a0\u00a0\u00a0 Streuobstlehrpfad<br \/>\n\u2022\u00a0\u00a0\u00a0 Abstimmung Wildblumenwiesen mit Imker<\/span><\/span><\/p>\n<p><strong><span style=\"font-family: Times New Roman; color: #000000;\">\u00a0<\/span><\/strong><\/p>\n<p><span style=\"font-family: Times New Roman;\"><strong>Landwirtschaft in Dorf- und Flur<\/strong><br \/>\n<strong>\u00d6kologie und Umwelt<\/strong><br \/>\n<strong>(Moderation: Sigrid Kranz)<\/strong><\/span><\/p>\n<p><span style=\"color: #000000;\"><span style=\"font-family: Times New Roman;\">\u2022\u00a0\u00a0\u00a0 Streuobstbestand pflegen<\/span><\/span><\/p>\n<p><span style=\"font-family: Times New Roman;\"><strong>Wirtschaft und Gewerbe (Moderation Sigrid Kranz)<\/strong><br \/>\n<\/span><span style=\"color: #000000;\"><span style=\"font-family: Times New Roman;\">\u2022\u00a0\u00a0\u00a0 Laden erhalten<br \/>\n\u2022\u00a0\u00a0\u00a0 Ladengeb\u00e4ude zukunftssicher machen<br \/>\n\u2022\u00a0\u00a0\u00a0 Gemeinschaftscafe, mehrere Betreiber zusammen<br \/>\n\u2022\u00a0\u00a0\u00a0 Einkehrm\u00f6glichkeit<br \/>\n\u2022\u00a0\u00a0\u00a0 Heckenwirtschaft \/ Most<br \/>\n\u2022\u00a0\u00a0\u00a0 Lokale-regionale Vermarktung<\/span><\/span><\/p>\n<p><span style=\"font-family: Times New Roman;\"><strong>Dorfgemeinschaft \/ Dorfleben (Moderation: Horst H\u00fcgelsch\u00e4ffer)<\/strong><\/span><\/p>\n<p><span style=\"font-family: Times New Roman;\"><span style=\"color: #000000;\">\u2022\u00a0\u00a0\u00a0 Einwohnerprofil erstellen \u2013 Bed\u00fcrfnisanpassung<br \/>\n\u2022\u00a0\u00a0\u00a0 Schulkind \u2013 Senioren \u2013 Essen<br \/>\n\u2022\u00a0\u00a0\u00a0 Seniorenbetreuung<br \/>\n\u2022\u00a0\u00a0\u00a0 Patenschaft f\u00fcr Senioren<br \/>\n\u2022\u00a0\u00a0\u00a0 Private Spielabende \u2013 Nachmittage organisieren (2x)<br \/>\n\u2022\u00a0\u00a0\u00a0 Generationenaustausch Senioren \u2013 Kinder<br \/>\n\u2022\u00a0\u00a0\u00a0 frei werdenden Wohnraum erfassen<br \/>\n\u2022\u00a0\u00a0\u00a0 Im Internet freier Wohnraum \u00fcber Gemeinde<br \/>\n\u2022\u00a0\u00a0\u00a0 Einkehrm\u00f6glichkeit<br \/>\n\u2022\u00a0\u00a0\u00a0 Grillplatz<br \/>\n\u2022\u00a0\u00a0\u00a0 Fahrb\u00f6rse \u00fcber Aushang<br \/>\n\u2022\u00a0\u00a0\u00a0 Tauschb\u00f6rse f\u00fcr Waren und Arbeiten am \u00f6ffentlichen \u201eSchwarzen Brett\u201c im Dorfladen betreuen (auch per Telefon)<\/span><\/span><\/p>\n<p><span style=\"color: #000000;\">Jugendliche:<br \/>\n\u2022\u00a0\u00a0\u00a0 Konfirmanden f\u00fcr JuZ ansprechen<br \/>\n\u2022\u00a0\u00a0\u00a0 JuZ-Ausbau fertig stellen<br \/>\n\u2022\u00a0\u00a0\u00a0 Mit Jugendbeauftragten kommunizieren<br \/>\n\u2022\u00a0\u00a0\u00a0 Termine \u2013 Aushang: JuZ-Veranstaltung<br \/>\n\u2022\u00a0\u00a0\u00a0 Kommunikation mit Ortsteilen + Reichenberg f\u00f6rdern<\/span><\/p>\n","protected":false},"excerpt":{"rendered":"<p>Agenda-Leitbild &nbsp; Wichtig f\u00fcr die Arbeit der Agenda-Gruppe ist das Leitbild, das aufgrund der Vorschl\u00e4ge der B\u00fcrgerinnen und B\u00fcrger, die zu Gro\u00dfveranstaltungen mit entsprechenden Moderationen und Themenbereichen gekommen waren, zustande gekommen ist. Die Ergebnisse der Gro\u00dfveranstaltungen in den Jahren 2002 &hellip; <a href=\"http:\/\/wp1189977.server-he.de\/wp\/?page_id=1021\">Weiterlesen <span class=\"meta-nav\">&rarr;<\/span><\/a><\/p>\n","protected":false},"author":1,"featured_media":0,"parent":2,"menu_order":0,"comment_status":"closed","ping_status":"closed","template":"","meta":[],"_links":{"self":[{"href":"http:\/\/wp1189977.server-he.de\/wp\/index.php?rest_route=\/wp\/v2\/pages\/1021"}],"collection":[{"href":"http:\/\/wp1189977.server-he.de\/wp\/index.php?rest_route=\/wp\/v2\/pages"}],"about":[{"href":"http:\/\/wp1189977.server-he.de\/wp\/index.php?rest_route=\/wp\/v2\/types\/page"}],"author":[{"embeddable":true,"href":"http:\/\/wp1189977.server-he.de\/wp\/index.php?rest_route=\/wp\/v2\/users\/1"}],"replies":[{"embeddable":true,"href":"http:\/\/wp1189977.server-he.de\/wp\/index.php?rest_route=%2Fwp%2Fv2%2Fcomments&post=1021"}],"version-history":[{"count":8,"href":"http:\/\/wp1189977.server-he.de\/wp\/index.php?rest_route=\/wp\/v2\/pages\/1021\/revisions"}],"predecessor-version":[{"id":1025,"href":"http:\/\/wp1189977.server-he.de\/wp\/index.php?rest_route=\/wp\/v2\/pages\/1021\/revisions\/1025"}],"up":[{"embeddable":true,"href":"http:\/\/wp1189977.server-he.de\/wp\/index.php?rest_route=\/wp\/v2\/pages\/2"}],"wp:attachment":[{"href":"http:\/\/wp1189977.server-he.de\/wp\/index.php?rest_route=%2Fwp%2Fv2%2Fmedia&parent=1021"}],"curies":[{"name":"wp","href":"https:\/\/api.w.org\/{rel}","templated":true}]}}